{"id":6418,"date":"2025-12-01T15:17:31","date_gmt":"2025-12-01T14:17:31","guid":{"rendered":"https:\/\/koukano.geek-tonic.dev\/mariages\/noces-albi\/"},"modified":"2026-02-13T13:56:32","modified_gmt":"2026-02-13T12:56:32","slug":"boda-albi","status":"publish","type":"page","link":"https:\/\/www.koukano.fr\/es\/bodas\/boda-albi\/","title":{"rendered":"Boda Albi"},"content":{"rendered":"\n<section class=\"wp-block-group home-one has-global-padding is-layout-constrained wp-block-group-is-layout-constrained\" style=\"border-top-left-radius:30px;border-top-right-radius:30px;padding-top:7rem;padding-bottom:0\">\n<div class=\"wp-block-group is-layout-flow wp-container-core-group-is-layout-a77db08e wp-block-group-is-layout-flow\">\n<div class=\"wp-block-group compo-title has-global-padding is-content-justification-right is-layout-constrained wp-container-core-group-is-layout-f52c2fa9 wp-block-group-is-layout-constrained\" style=\"padding-top:0;padding-bottom:0\">\n<h1 class=\"wp-block-heading has-custom-color-4-color has-text-color has-link-color wp-elements-c88fecdec497eeb391d1ade4bf11daf8\" style=\"text-transform:uppercase\"><strong>Celebrar tu boda en Albi<\/strong><\/h1>\n<\/div>\n\n\n\n<div class=\"wp-block-group is-layout-flow wp-block-group-is-layout-flow\" style=\"padding-top:0;padding-bottom:0\">\n<div class=\"wp-block-group top-img is-nowrap is-layout-flex wp-container-core-group-is-layout-6c531013 wp-block-group-is-layout-flex\">\n<figure class=\"wp-block-image size-full has-custom-border solo-img reveal\"><img decoding=\"async\" width=\"2000\" height=\"1333\" src=\"https:\/\/www.koukano.fr\/wp-content\/uploads\/2025\/12\/location-de-salle-pour-mariage-pres-de-albi.jpg\" alt=\"alquiler de salones de boda cerca de albi\" class=\"wp-image-4748\" style=\"border-radius:0px;aspect-ratio:16\/9;object-fit:cover\" srcset=\"https:\/\/www.koukano.fr\/wp-content\/uploads\/2025\/12\/location-de-salle-pour-mariage-pres-de-albi.jpg 2000w, https:\/\/www.koukano.fr\/wp-content\/uploads\/2025\/12\/location-de-salle-pour-mariage-pres-de-albi-300x200.jpg 300w, https:\/\/www.koukano.fr\/wp-content\/uploads\/2025\/12\/location-de-salle-pour-mariage-pres-de-albi-1024x682.jpg 1024w, https:\/\/www.koukano.fr\/wp-content\/uploads\/2025\/12\/location-de-salle-pour-mariage-pres-de-albi-768x512.jpg 768w, https:\/\/www.koukano.fr\/wp-content\/uploads\/2025\/12\/location-de-salle-pour-mariage-pres-de-albi-1536x1024.jpg 1536w\" sizes=\"(max-width: 2000px) 100vw, 2000px\" \/><\/figure>\n\n\n\n<div class=\"wp-block-group img-slide-right has-global-padding is-layout-constrained wp-block-group-is-layout-constrained\">\n<figure class=\"wp-block-image alignright size-full first wp-duotone-unset-1\" style=\"margin-bottom:5rem\"><img decoding=\"async\" width=\"115\" height=\"115\" src=\"https:\/\/www.koukano.fr\/wp-content\/uploads\/2025\/11\/champagne-1.svg\" alt=\"champ&#xE1;n (1)\" class=\"wp-image-746\"\/><\/figure>\n\n\n\n<figure class=\"wp-block-image size-full has-custom-border last reveal-reverse\"><img decoding=\"async\" width=\"2000\" height=\"1200\" src=\"https:\/\/www.koukano.fr\/wp-content\/uploads\/2025\/12\/organiser-son-mariage-dans-un-domaine-tarn.jpg\" alt=\"organiza tu boda en un domaine tarn\" class=\"wp-image-4537\" style=\"border-radius:0px;aspect-ratio:16\/9;object-fit:cover\" srcset=\"https:\/\/www.koukano.fr\/wp-content\/uploads\/2025\/12\/organiser-son-mariage-dans-un-domaine-tarn.jpg 2000w, https:\/\/www.koukano.fr\/wp-content\/uploads\/2025\/12\/organiser-son-mariage-dans-un-domaine-tarn-300x180.jpg 300w, https:\/\/www.koukano.fr\/wp-content\/uploads\/2025\/12\/organiser-son-mariage-dans-un-domaine-tarn-1024x614.jpg 1024w, https:\/\/www.koukano.fr\/wp-content\/uploads\/2025\/12\/organiser-son-mariage-dans-un-domaine-tarn-768x461.jpg 768w, https:\/\/www.koukano.fr\/wp-content\/uploads\/2025\/12\/organiser-son-mariage-dans-un-domaine-tarn-1536x922.jpg 1536w\" sizes=\"(max-width: 2000px) 100vw, 2000px\" \/><\/figure>\n<\/div>\n<\/div>\n<\/div>\n<\/div>\n\n\n\n<div class=\"wp-block-group bottom is-nowrap is-layout-flex wp-container-core-group-is-layout-947e61e1 wp-block-group-is-layout-flex\" style=\"padding-top:0;padding-bottom:0\">\n<div class=\"wp-block-columns is-layout-flex wp-container-core-columns-is-layout-28f84493 wp-block-columns-is-layout-flex\">\n<div class=\"wp-block-column is-vertically-aligned-center left is-layout-flow wp-block-column-is-layout-flow\" style=\"flex-basis:40%\">\n<figure class=\"wp-block-image alignleft size-full maison wp-duotone-ff497f-ffffff-2\"><img decoding=\"async\" width=\"369\" height=\"382\" src=\"https:\/\/www.koukano.fr\/wp-content\/uploads\/2025\/11\/Group-4.svg\" alt=\"Grupo\" class=\"wp-image-208\"\/><\/figure>\n<\/div>\n\n\n\n<div class=\"wp-block-column right is-layout-flow wp-block-column-is-layout-flow\" style=\"flex-basis:60%\">\n<p class=\"has-custom-color-1-color has-text-color has-link-color wp-elements-43de869b18f0b7ceab93bb8b51386b9c\" style=\"padding-top:var(--wp--preset--spacing--10);padding-right:var(--wp--preset--spacing--30);line-height:1.8\">\u00bfQuieres celebrar tu uni\u00f3n en el suroeste de Francia? \u00bfCelebrar tu boda cerca de Albi? El Domaine du Koukano te da la bienvenida a Maurens-Scopont, en el departamento del Tarn, a menos de una hora de Albi. El establecimiento ofrece el marco perfecto para un d\u00eda excepcional. Con servicios de primera calidad y salas que se pueden adaptar seg\u00fan las necesidades, \u00a1nuestro <a href=\"https:\/\/www.koukano.fr\/es\/bodas\/\" data-type=\"page\" data-id=\"12\">lugar para bodas cerca de Toulouse, en el Tarn <\/a>, ser\u00e1 EL lugar ideal para tu boda!     <\/p>\n<\/div>\n<\/div>\n<\/div>\n<\/section>\n\n<section class=\"wp-block-group home-third bis ter is-layout-flow wp-block-group-is-layout-flow\">\n<div class=\"wp-block-group top is-layout-flow wp-block-group-is-layout-flow\" style=\"padding-right:0;padding-left:0\">\n<div class=\"wp-block-group is-layout-flow wp-block-group-is-layout-flow\" style=\"padding-right:0;padding-left:0\">\n<div data-swiper=\"{&quot;speed&quot;:1000,&quot;autoplay&quot;:{&quot;delay&quot;:5000,&quot;disableOnInteraction&quot;:false},&quot;spaceBetween&quot;:0,&quot;slidesPerView&quot;:1,&quot;pagination&quot;:{&quot;el&quot;:&quot;.swiper-pagination&quot;,&quot;dynamicBullets&quot;:true,&quot;clickable&quot;:true,&quot;type&quot;:&quot;bullets&quot;},&quot;navigation&quot;:{&quot;nextEl&quot;:&quot;.swiper-button-next&quot;,&quot;prevEl&quot;:&quot;.swiper-button-prev&quot;},&quot;breakpoints&quot;:[{&quot;slidesPerView&quot;:1}]}\" class=\"wp-block-cover has-custom-content-position is-position-bottom-left\" style=\"min-height:100vh;aspect-ratio:unset;\"><img decoding=\"async\" width=\"2000\" height=\"1125\" class=\"wp-block-cover__image-background wp-image-4561 size-full\" alt=\"location domaine seminaire dans le Tarn\" src=\"https:\/\/www.koukano.fr\/wp-content\/uploads\/2025\/12\/location-domaine-seminaire-dans-le-Tarn-1.jpg\" data-object-fit=\"cover\" srcset=\"https:\/\/www.koukano.fr\/wp-content\/uploads\/2025\/12\/location-domaine-seminaire-dans-le-Tarn-1.jpg 2000w, https:\/\/www.koukano.fr\/wp-content\/uploads\/2025\/12\/location-domaine-seminaire-dans-le-Tarn-1-300x169.jpg 300w, https:\/\/www.koukano.fr\/wp-content\/uploads\/2025\/12\/location-domaine-seminaire-dans-le-Tarn-1-1024x576.jpg 1024w, https:\/\/www.koukano.fr\/wp-content\/uploads\/2025\/12\/location-domaine-seminaire-dans-le-Tarn-1-768x432.jpg 768w, https:\/\/www.koukano.fr\/wp-content\/uploads\/2025\/12\/location-domaine-seminaire-dans-le-Tarn-1-1536x864.jpg 1536w\" sizes=\"(max-width: 2000px) 100vw, 2000px\" \/><span aria-hidden=\"true\" class=\"wp-block-cover__background has-background-dim-100 has-background-dim wp-block-cover__gradient-background has-background-gradient\" style=\"background:linear-gradient(91deg,rgba(7,146,227,0) 2%,rgb(0,0,0) 100%)\"><\/span><div class=\"wp-block-cover__inner-container is-layout-flow wp-block-cover-is-layout-flow\">\n<p class=\"has-text-align-center has-large-font-size\"><\/p>\n<\/div><\/div>\n<\/div>\n\n\n\n<div class=\"wp-block-columns bottom-slider-text is-layout-flex wp-container-core-columns-is-layout-28f84493 wp-block-columns-is-layout-flex\">\n<div class=\"wp-block-column is-vertically-aligned-bottom is-layout-flow wp-block-column-is-layout-flow\" style=\"flex-basis:40%\">\n<p class=\"has-text-align-center h1-like has-base-2-color has-text-color has-link-color has-righteous-font-family wp-elements-26245126ab6cc1b448e8bb05e65c579c\" style=\"font-size:clamp(65.143px, 4.071rem + ((1vw - 3.2px) * 6.086), 140px);font-style:normal;font-weight:400;line-height:0.8\"><span>Momentos <\/span>para recordar<\/p>\n<\/div>\n\n\n\n<div class=\"wp-block-column is-vertically-aligned-center is-layout-flow wp-block-column-is-layout-flow\" style=\"flex-basis:40%\">\n<div class=\"wp-block-group has-global-padding is-layout-constrained wp-block-group-is-layout-constrained\">\n<h2 class=\"wp-block-heading has-base-2-color has-text-color has-link-color wp-elements-8309f4a852525b89a0fe5834e48eb50f\" style=\"line-height:1;text-transform:uppercase\"><strong>El Domaine du Koukano, el lugar ideal para tu boda en Albi<\/strong><\/h2>\n\n\n\n<p class=\"has-base-2-color has-text-color has-link-color wp-elements-dbefde1030365f0e7666ba1cca5b165a\" style=\"padding-right:4rem\">Tu boda es un momento \u00fanico, el d\u00eda m\u00e1s importante de vuestra vida juntos. Pero tambi\u00e9n es un<strong> recuerdo precioso para tus<\/strong> amigos y familiares<strong> m\u00e1s cercanos<\/strong>, que compartir\u00e1n contigo este d\u00eda inolvidable. <\/p>\n\n\n\n<p class=\"has-base-2-color has-text-color has-link-color wp-elements-b94383181f79fbd9522832de77ca1441\">En el Domaine du Koukano, te invitamos a vivir una<strong> ceremonia llena de romanticismo<\/strong> y emoci\u00f3n. Reg\u00e1late un entorno excepcional, dise\u00f1ado para el amor y la celebraci\u00f3n, eligiendo un <strong>lugar para bodas cerca de Albi <\/strong>que cumpla todos tus requisitos. <\/p>\n\n\n\n<p class=\"has-base-2-color has-text-color has-link-color wp-elements-b3121027c4754910505bbe879f4320ff\">Con sus <strong>21 hect\u00e1reas de naturaleza<\/strong>, el lugar ofrece amplios espacios tanto para la ceremonia como para las actividades de tus invitados. Situada a menos de una hora de Albi, la finca se extiende a orillas de un lago y ofrece un <strong>ambiente apacible<\/strong> propicio a la alegr\u00eda y la relajaci\u00f3n. <\/p>\n\n\n\n<p class=\"has-base-2-color has-text-color has-link-color wp-elements-d4a1c4284bc3efb94bda260291228e31\" style=\"padding-right:4rem\">Aqu\u00ed, tus festejos pueden prolongarse hasta <strong>el final de la noche<\/strong>. Y para que tu boda cerca de Albi sea a\u00fan m\u00e1s especial, disfrutar\u00e1s de una <strong>vista impresionante <\/strong>sobre el valle del Tarn, la Monta\u00f1a Negra e incluso los Pirineos. Un entorno c\u00e1lido y frondoso que promete una celebraci\u00f3n eterna.  <\/p>\n<\/div>\n<\/div>\n<\/div>\n<\/div>\n<\/section>\n\n<section class=\"wp-block-group home-one bis has-global-padding is-layout-constrained wp-block-group-is-layout-constrained\" style=\"border-top-left-radius:30px;border-top-right-radius:30px;margin-top:0em;padding-top:var(--wp--preset--spacing--40);padding-bottom:var(--wp--preset--spacing--50)\">\n<div class=\"wp-block-group top-img is-nowrap is-layout-flex wp-container-core-group-is-layout-6c531013 wp-block-group-is-layout-flex\">\n<figure class=\"wp-block-image size-full has-custom-border solo-img reveal\"><img decoding=\"async\" width=\"2000\" height=\"1167\" src=\"https:\/\/www.koukano.fr\/wp-content\/uploads\/2025\/12\/location-salle-ka-pour-mariage-dans-le-tarn-e1765468996682.jpg\" alt=\"alquiler de salas ka para bodas en el tarn\" class=\"wp-image-4752\" style=\"border-radius:0px;aspect-ratio:16\/9;object-fit:cover\" srcset=\"https:\/\/www.koukano.fr\/wp-content\/uploads\/2025\/12\/location-salle-ka-pour-mariage-dans-le-tarn-e1765468996682.jpg 2000w, https:\/\/www.koukano.fr\/wp-content\/uploads\/2025\/12\/location-salle-ka-pour-mariage-dans-le-tarn-e1765468996682-300x175.jpg 300w, https:\/\/www.koukano.fr\/wp-content\/uploads\/2025\/12\/location-salle-ka-pour-mariage-dans-le-tarn-e1765468996682-1024x598.jpg 1024w, https:\/\/www.koukano.fr\/wp-content\/uploads\/2025\/12\/location-salle-ka-pour-mariage-dans-le-tarn-e1765468996682-768x448.jpg 768w, https:\/\/www.koukano.fr\/wp-content\/uploads\/2025\/12\/location-salle-ka-pour-mariage-dans-le-tarn-e1765468996682-1536x896.jpg 1536w\" sizes=\"(max-width: 2000px) 100vw, 2000px\" \/><\/figure>\n\n\n\n<div class=\"wp-block-group img-slide-right has-global-padding is-layout-constrained wp-block-group-is-layout-constrained\">\n<figure class=\"wp-block-image alignright size-full first wp-duotone-unset-3\" style=\"margin-bottom:5rem\"><img decoding=\"async\" width=\"115\" height=\"115\" src=\"https:\/\/www.koukano.fr\/wp-content\/uploads\/2025\/11\/champagne-1.svg\" alt=\"champ&#xE1;n (1)\" class=\"wp-image-746\"\/><\/figure>\n\n\n\n<figure class=\"wp-block-image size-full has-custom-border last reveal-reverse\"><img decoding=\"async\" width=\"2000\" height=\"1333\" src=\"https:\/\/www.koukano.fr\/wp-content\/uploads\/2025\/12\/banquets-mariage-pres-de-toulouse.jpg\" alt=\"banquetes de boda cerca de toulouse\" class=\"wp-image-4731\" style=\"border-radius:0px;aspect-ratio:16\/9;object-fit:cover\" srcset=\"https:\/\/www.koukano.fr\/wp-content\/uploads\/2025\/12\/banquets-mariage-pres-de-toulouse.jpg 2000w, https:\/\/www.koukano.fr\/wp-content\/uploads\/2025\/12\/banquets-mariage-pres-de-toulouse-300x200.jpg 300w, https:\/\/www.koukano.fr\/wp-content\/uploads\/2025\/12\/banquets-mariage-pres-de-toulouse-1024x682.jpg 1024w, https:\/\/www.koukano.fr\/wp-content\/uploads\/2025\/12\/banquets-mariage-pres-de-toulouse-768x512.jpg 768w, https:\/\/www.koukano.fr\/wp-content\/uploads\/2025\/12\/banquets-mariage-pres-de-toulouse-1536x1024.jpg 1536w\" sizes=\"(max-width: 2000px) 100vw, 2000px\" \/><\/figure>\n<\/div>\n<\/div>\n\n\n\n<div class=\"wp-block-columns is-layout-flex wp-container-core-columns-is-layout-28f84493 wp-block-columns-is-layout-flex\">\n<div class=\"wp-block-column is-vertically-aligned-center left is-layout-flow wp-block-column-is-layout-flow\">\n<p class=\"has-text-align-center h1-like has-custom-color-6-color has-text-color has-link-color has-righteous-font-family wp-elements-973e95f0a97c2f9c046eede2589c72e1\" style=\"font-size:clamp(65.143px, 4.071rem + ((1vw - 3.2px) * 6.086), 140px);font-style:normal;font-weight:400;line-height:0.8\"><span>Bodas<\/span> con encanto<span><br\/><\/span><\/p>\n<\/div>\n\n\n\n<div class=\"wp-block-column right is-layout-flow wp-block-column-is-layout-flow\">\n<div class=\"wp-block-group compo-title has-global-padding is-content-justification-right is-layout-constrained wp-container-core-group-is-layout-9314f539 wp-block-group-is-layout-constrained\" style=\"padding-top:var(--wp--preset--spacing--30)\">\n<h2 class=\"wp-block-heading has-custom-color-4-color has-text-color has-link-color wp-elements-f24496775609d960b05571b0b0467933\" style=\"text-transform:uppercase\"><strong>Lugares disponibles para celebrar bodas<\/strong> en nuestra finca cerca de Albi<\/h2>\n\n\n\n<p class=\"has-custom-color-1-color has-text-color\" style=\"padding-top:var(--wp--preset--spacing--10)\">El Domaine du Koukano dispone de varios <a href=\"https:\/\/www.koukano.fr\/es\/bodas\/servicios-para-bodas\/\" data-type=\"page\" data-id=\"18\">salones modulables para celebrar tu boda en el Tarn<\/a>. A la vez prestigiosos y acogedores, pueden adaptarse a tus necesidades, tanto si buscas un ambiente \u00edntimo como una gran celebraci\u00f3n.<\/p>\n\n\n\n<p>Para una rom\u00e1ntica recepci\u00f3n familiar, opta por una sala a escala humana, donde cada detalle de la decoraci\u00f3n refleje vuestra historia. Para una gran celebraci\u00f3n, puedes elegir entre espacios con capacidad para <strong>300 invitados<\/strong>, todos los cuales pueden disfrutar de las actividades de la finca y quedarse en el lugar despu\u00e9s de la fiesta. <\/p>\n\n\n\n<p>Cada habitaci\u00f3n est\u00e1 dise\u00f1ada para adaptarse al esp\u00edritu de tu boda:<\/p>\n\n\n\n<ul class=\"wp-block-list\">\n<li><strong>La sala K\u00e2<\/strong> (200 m\u00b2, vigas vistas): ideal para un banquete o un c\u00f3ctel con m\u00e1s de 100 invitados.<\/li>\n\n\n\n<li><strong>La sala Club<\/strong>: contigua a la sala K\u00e2, prolonga la velada en un ambiente tenue, perfecto para acoger al DJ de tu boda en Albi.<\/li>\n\n\n\n<li><strong>La sala Open Bar<\/strong>: \u00edntima y c\u00e1lida, perfecta para un grupo peque\u00f1o o para meter a los ni\u00f1os.<\/li>\n\n\n\n<li><strong>La Sala de la Chimenea<\/strong>: piedra vista y una gran chimenea para una boda chic, bohemia o prestigiosa.<\/li>\n<\/ul>\n\n\n\n<p><br\/><\/p>\n<\/div>\n<\/div>\n<\/div>\n<\/section>\n\n<section class=\"wp-block-group home-third bis ter is-layout-flow wp-block-group-is-layout-flow\" style=\"padding-top:0\">\n<div class=\"wp-block-group top is-layout-flow wp-block-group-is-layout-flow\">\n<div class=\"wp-block-group is-layout-flow wp-block-group-is-layout-flow\">\n<div data-swiper=\"{&quot;speed&quot;:1000,&quot;autoplay&quot;:{&quot;delay&quot;:5000,&quot;disableOnInteraction&quot;:false},&quot;spaceBetween&quot;:0,&quot;slidesPerView&quot;:1,&quot;pagination&quot;:{&quot;el&quot;:&quot;.swiper-pagination&quot;,&quot;dynamicBullets&quot;:true,&quot;clickable&quot;:true,&quot;type&quot;:&quot;bullets&quot;},&quot;navigation&quot;:{&quot;nextEl&quot;:&quot;.swiper-button-next&quot;,&quot;prevEl&quot;:&quot;.swiper-button-prev&quot;},&quot;breakpoints&quot;:[{&quot;slidesPerView&quot;:1}]}\" class=\"wp-block-cover has-custom-content-position is-position-bottom-left animated fadeIn\" style=\"min-height:100vh;aspect-ratio:unset;\"><img decoding=\"async\" width=\"2000\" height=\"1200\" class=\"wp-block-cover__image-background wp-image-4861 size-full\" alt=\"Devis salles &amp; services mariage Albi\" src=\"https:\/\/www.koukano.fr\/wp-content\/uploads\/2025\/12\/Devis-salles-services-mariage-Albi.jpg\" style=\"object-position:43% 11%\" data-object-fit=\"cover\" data-object-position=\"43% 11%\" srcset=\"https:\/\/www.koukano.fr\/wp-content\/uploads\/2025\/12\/Devis-salles-services-mariage-Albi.jpg 2000w, https:\/\/www.koukano.fr\/wp-content\/uploads\/2025\/12\/Devis-salles-services-mariage-Albi-300x180.jpg 300w, https:\/\/www.koukano.fr\/wp-content\/uploads\/2025\/12\/Devis-salles-services-mariage-Albi-1024x614.jpg 1024w, https:\/\/www.koukano.fr\/wp-content\/uploads\/2025\/12\/Devis-salles-services-mariage-Albi-768x461.jpg 768w, https:\/\/www.koukano.fr\/wp-content\/uploads\/2025\/12\/Devis-salles-services-mariage-Albi-1536x922.jpg 1536w\" sizes=\"(max-width: 2000px) 100vw, 2000px\" \/><span aria-hidden=\"true\" class=\"wp-block-cover__background has-contrast-background-color has-background-dim-40 has-background-dim\"><\/span><div class=\"wp-block-cover__inner-container is-layout-flow wp-block-cover-is-layout-flow\">\n<p class=\"has-text-align-center has-large-font-size\"><\/p>\n<\/div><\/div>\n<\/div>\n\n\n\n<div class=\"wp-block-columns bottom-slider-text is-layout-flex wp-container-core-columns-is-layout-28f84493 wp-block-columns-is-layout-flex\">\n<div class=\"wp-block-column is-vertically-aligned-bottom is-layout-flow wp-block-column-is-layout-flow\" style=\"flex-basis:40%\">\n<p class=\"has-text-align-right h1-like has-base-2-color has-text-color has-link-color has-righteous-font-family wp-elements-cd3fa62b18dd134293904d221d18f261\" style=\"font-size:clamp(65.143px, 4.071rem + ((1vw - 3.2px) * 6.086), 140px);font-style:normal;font-weight:400;line-height:0.8\"><span>Ceremonias<\/span> con encanto<\/p>\n<\/div>\n\n\n\n<div class=\"wp-block-column is-vertically-aligned-center is-layout-flow wp-block-column-is-layout-flow\" style=\"flex-basis:40%\">\n<div class=\"wp-block-group has-global-padding is-layout-constrained wp-block-group-is-layout-constrained\">\n<h2 class=\"wp-block-heading has-base-2-color has-text-color has-link-color wp-elements-6595533c7edb13f272e76b0ea8890cb7\" style=\"line-height:1;text-transform:uppercase\"><strong>Reservas y presupuestos<\/strong><\/h2>\n\n\n\n<p class=\"has-base-2-color has-text-color has-link-color wp-elements-1a97bea27b336a26e05ae8856aabe86f\" style=\"padding-right:4rem\">\u00bfSue\u00f1as con una boda cerca de Albi en un entorno \u00fanico, rodeado de naturaleza y junto a un lago? El Domaine du Koukano te abre sus puertas para que juntos imaginemos tu d\u00eda ideal. Estaremos encantados de ayudarte a organizar el d\u00eda m\u00e1s bonito de tu vida.  <\/p>\n\n\n\n<div class=\"wp-block-buttons is-layout-flex wp-block-buttons-is-layout-flex\">\n<div class=\"wp-block-button btn-2\"><a class=\"wp-block-button__link has-custom-color-4-background-color has-background has-custom-font-size wp-element-button\" href=\"https:\/\/www.koukano.fr\/es\/bodas\/pide-presupuesto\/\" style=\"border-radius:0px;font-size:clamp(14px, 0.875rem + ((1vw - 3.2px) * 0.163), 16px);font-style:normal;font-weight:600;letter-spacing:1.8px\">Solicitar presupuesto<\/a><\/div>\n<\/div>\n<\/div>\n<\/div>\n<\/div>\n<\/div>\n<\/section>\n\n<section class=\"wp-block-group page-maillage has-global-padding is-layout-constrained wp-block-group-is-layout-constrained\" style=\"padding-top:var(--wp--preset--spacing--50);padding-bottom:var(--wp--preset--spacing--60)\">\n<p class=\"has-custom-color-4-color has-text-color has-link-color has-righteous-font-family wp-elements-dd906e9a7580b6a7905b2cac0fd8b849\" style=\"margin-right:0;margin-left:0;font-size:clamp(1.403rem, 1.403rem + ((1vw - 0.2rem) * 1.167), 2.3rem);text-transform:uppercase\"><strong>Descubre <\/strong>nuestros alojamientos, habitaciones y servicios<\/p>\n\n\n\n<div data-wp-context=\"{}\" data-wp-interactive=\"core\/query\" data-wp-key=\"9\" data-wp-router-region=\"query-9\" class=\"wp-block-query alignwide gt-fse-maillage-query is-layout-flow wp-block-query-is-layout-flow\"><ul class=\"wp-block-post-template is-layout-flow wp-block-post-template-is-layout-flow\"><li data-wp-key=\"post-template-item-6138\" class=\"wp-block-post post-6138 page type-page status-publish has-post-thumbnail hentry\">\n\n<figure class=\"wp-block-image\"><img decoding=\"async\" src=\"https:\/\/www.koukano.fr\/wp-content\/uploads\/2025\/12\/domaine-mariage-pres-de-Toulouse-edited.jpg\" alt=\"\"\/><\/figure>\n\n\n\n<p class=\"maillage-title has-base-2-color has-text-color has-link-color has-righteous-font-family wp-elements-993673a9ba0e25265c168c6f68d27d3c\" style=\"font-size:clamp(20.515px, 1.282rem + ((1vw - 3.2px) * 1.015), 33px);text-transform:uppercase\">Alojamiento<\/p>\n\n\n<a class=\"is-style-lien-cover wp-block-read-more\" href=\"https:\/\/www.koukano.fr\/es\/bodas\/alojamiento\/\" target=\"_self\">Leer m\u00e1s<span class=\"screen-reader-text\">: Alojamiento<\/span><\/a>\n<\/li><li data-wp-key=\"post-template-item-6127\" class=\"wp-block-post post-6127 page type-page status-publish has-post-thumbnail hentry\">\n\n<figure class=\"wp-block-image\"><img decoding=\"async\" src=\"https:\/\/www.koukano.fr\/wp-content\/uploads\/2025\/12\/domaine-en-location-pour-mariage-pres-de-castres-1.jpg\" alt=\"\"\/><\/figure>\n\n\n\n<p class=\"maillage-title has-base-2-color has-text-color has-link-color has-righteous-font-family wp-elements-993673a9ba0e25265c168c6f68d27d3c\" style=\"font-size:clamp(20.515px, 1.282rem + ((1vw - 3.2px) * 1.015), 33px);text-transform:uppercase\">Tus espacios<\/p>\n\n\n<a class=\"is-style-lien-cover wp-block-read-more\" href=\"https:\/\/www.koukano.fr\/es\/bodas\/salas-recepcion\/\" target=\"_self\">Leer m\u00e1s<span class=\"screen-reader-text\">: Tus espacios<\/span><\/a>\n<\/li><li data-wp-key=\"post-template-item-6111\" class=\"wp-block-post post-6111 page type-page status-publish has-post-thumbnail hentry\">\n\n<figure class=\"wp-block-image\"><img decoding=\"async\" src=\"https:\/\/www.koukano.fr\/wp-content\/uploads\/2025\/12\/location-mariage-tarn.jpg\" alt=\"\"\/><\/figure>\n\n\n\n<p class=\"maillage-title has-base-2-color has-text-color has-link-color has-righteous-font-family wp-elements-993673a9ba0e25265c168c6f68d27d3c\" style=\"font-size:clamp(20.515px, 1.282rem + ((1vw - 3.2px) * 1.015), 33px);text-transform:uppercase\">Tus servicios<\/p>\n\n\n<a class=\"is-style-lien-cover wp-block-read-more\" href=\"https:\/\/www.koukano.fr\/es\/bodas\/servicios-para-bodas\/\" target=\"_self\">Leer m\u00e1s<span class=\"screen-reader-text\">: Tus servicios<\/span><\/a>\n<\/li><\/ul><\/div>\n<\/section>\n","protected":false},"excerpt":{"rendered":"<p>Celebrar tu boda en Albi \u00bfQuieres celebrar tu uni\u00f3n en el suroeste de Francia? \u00bfCelebrar tu boda cerca de Albi? El Domaine du Koukano te da la bienvenida a Maurens-Scopont, en el departamento del Tarn, a menos de una hora de Albi. El establecimiento ofrece el marco perfecto para un d\u00eda excepcional. Con servicios de [&hellip;]<\/p>\n","protected":false},"author":1,"featured_media":4504,"parent":6148,"menu_order":0,"comment_status":"closed","ping_status":"closed","template":"wp-custom-template-pages-mariages","meta":{"_seopress_robots_primary_cat":"","_seopress_titles_title":"Bodas en Albi: celebra tus nupcias en la finca de Koukano, en Tarn","_seopress_titles_desc":"Celebra tu boda cerca de Albi en el Domaine du Koukano: entorno natural excepcional, salas flexibles, servicio completo y alojamiento in situ.","_seopress_robots_index":"","inline_featured_image":false,"gt_fse_maillage_image":"https:\/\/www.koukano.fr\/wp-content\/uploads\/2025\/12\/Organiser-un-mariage-dans-le-Tarn.jpg","gt_fse_maillage_titre":"Boda Albi","gt_fse_maillage_alt":"Boda Albi","gt_fse_maillage_resume":"","footnotes":""},"categories":[],"tags":[],"class_list":["post-6418","page","type-page","status-publish","has-post-thumbnail","hentry"],"_links":{"self":[{"href":"https:\/\/www.koukano.fr\/es\/wp-json\/wp\/v2\/pages\/6418","targetHints":{"allow":["GET"]}}],"collection":[{"href":"https:\/\/www.koukano.fr\/es\/wp-json\/wp\/v2\/pages"}],"about":[{"href":"https:\/\/www.koukano.fr\/es\/wp-json\/wp\/v2\/types\/page"}],"author":[{"embeddable":true,"href":"https:\/\/www.koukano.fr\/es\/wp-json\/wp\/v2\/users\/1"}],"replies":[{"embeddable":true,"href":"https:\/\/www.koukano.fr\/es\/wp-json\/wp\/v2\/comments?post=6418"}],"version-history":[{"count":7,"href":"https:\/\/www.koukano.fr\/es\/wp-json\/wp\/v2\/pages\/6418\/revisions"}],"predecessor-version":[{"id":8289,"href":"https:\/\/www.koukano.fr\/es\/wp-json\/wp\/v2\/pages\/6418\/revisions\/8289"}],"up":[{"embeddable":true,"href":"https:\/\/www.koukano.fr\/es\/wp-json\/wp\/v2\/pages\/6148"}],"wp:featuredmedia":[{"embeddable":true,"href":"https:\/\/www.koukano.fr\/es\/wp-json\/wp\/v2\/media\/4504"}],"wp:attachment":[{"href":"https:\/\/www.koukano.fr\/es\/wp-json\/wp\/v2\/media?parent=6418"}],"wp:term":[{"taxonomy":"category","embeddable":true,"href":"https:\/\/www.koukano.fr\/es\/wp-json\/wp\/v2\/categories?post=6418"},{"taxonomy":"post_tag","embeddable":true,"href":"https:\/\/www.koukano.fr\/es\/wp-json\/wp\/v2\/tags?post=6418"}],"curies":[{"name":"wp","href":"https:\/\/api.w.org\/{rel}","templated":true}]}}