{"id":6400,"date":"2025-12-01T15:18:54","date_gmt":"2025-12-01T14:18:54","guid":{"rendered":"https:\/\/koukano.geek-tonic.dev\/mariages\/noces-castres\/"},"modified":"2026-02-13T13:57:10","modified_gmt":"2026-02-13T12:57:10","slug":"boda-castres","status":"publish","type":"page","link":"https:\/\/www.koukano.fr\/es\/bodas\/boda-castres\/","title":{"rendered":"Boda Castres"},"content":{"rendered":"\n<section class=\"wp-block-group home-one has-global-padding is-layout-constrained wp-block-group-is-layout-constrained\" style=\"border-top-left-radius:30px;border-top-right-radius:30px;padding-top:7rem;padding-bottom:0\">\n<div class=\"wp-block-group is-layout-flow wp-container-core-group-is-layout-a77db08e wp-block-group-is-layout-flow\">\n<div class=\"wp-block-group compo-title has-global-padding is-content-justification-right is-layout-constrained wp-container-core-group-is-layout-f52c2fa9 wp-block-group-is-layout-constrained\" style=\"padding-top:0;padding-bottom:0\">\n<h1 class=\"wp-block-heading has-custom-color-4-color has-text-color has-link-color wp-elements-557590f84064aa292b21e50d33c1a9ae\" style=\"text-transform:uppercase\"><strong>Celebra tu boda en nuestra finca<\/strong> cerca de Castres  <\/h1>\n<\/div>\n\n\n\n<div class=\"wp-block-group is-layout-flow wp-block-group-is-layout-flow\" style=\"padding-top:0;padding-bottom:0\">\n<div class=\"wp-block-group top-img is-nowrap is-layout-flex wp-container-core-group-is-layout-6c531013 wp-block-group-is-layout-flex\">\n<figure class=\"wp-block-image size-full has-custom-border solo-img reveal\"><img decoding=\"async\" width=\"2400\" height=\"1080\" src=\"https:\/\/www.koukano.fr\/wp-content\/uploads\/2025\/12\/traiteur-mariage-tarn.jpg\" alt=\"catering bodas tarn\" class=\"wp-image-4909\" style=\"border-radius:0px;aspect-ratio:16\/9;object-fit:cover\" srcset=\"https:\/\/www.koukano.fr\/wp-content\/uploads\/2025\/12\/traiteur-mariage-tarn.jpg 2400w, https:\/\/www.koukano.fr\/wp-content\/uploads\/2025\/12\/traiteur-mariage-tarn-300x135.jpg 300w, https:\/\/www.koukano.fr\/wp-content\/uploads\/2025\/12\/traiteur-mariage-tarn-1024x461.jpg 1024w, https:\/\/www.koukano.fr\/wp-content\/uploads\/2025\/12\/traiteur-mariage-tarn-768x346.jpg 768w, https:\/\/www.koukano.fr\/wp-content\/uploads\/2025\/12\/traiteur-mariage-tarn-1536x691.jpg 1536w, https:\/\/www.koukano.fr\/wp-content\/uploads\/2025\/12\/traiteur-mariage-tarn-2048x922.jpg 2048w\" sizes=\"(max-width: 2400px) 100vw, 2400px\" \/><\/figure>\n\n\n\n<div class=\"wp-block-group img-slide-right has-global-padding is-layout-constrained wp-block-group-is-layout-constrained\">\n<figure class=\"wp-block-image alignright size-full first wp-duotone-unset-1\" style=\"margin-bottom:5rem\"><img decoding=\"async\" width=\"115\" height=\"115\" src=\"https:\/\/www.koukano.fr\/wp-content\/uploads\/2025\/11\/champagne-1.svg\" alt=\"champ&#xE1;n (1)\" class=\"wp-image-746\"\/><\/figure>\n\n\n\n<figure class=\"wp-block-image size-full has-custom-border last reveal-reverse\"><img decoding=\"async\" width=\"2000\" height=\"1140\" src=\"https:\/\/www.koukano.fr\/wp-content\/uploads\/2025\/12\/Location-salle-mariage-Tarn-e1765444727524.jpg\" alt=\"Alquiler de salones de boda Tarn\" class=\"wp-image-4512\" style=\"border-radius:0px;aspect-ratio:16\/9;object-fit:cover\" srcset=\"https:\/\/www.koukano.fr\/wp-content\/uploads\/2025\/12\/Location-salle-mariage-Tarn-e1765444727524.jpg 2000w, https:\/\/www.koukano.fr\/wp-content\/uploads\/2025\/12\/Location-salle-mariage-Tarn-e1765444727524-300x171.jpg 300w, https:\/\/www.koukano.fr\/wp-content\/uploads\/2025\/12\/Location-salle-mariage-Tarn-e1765444727524-1024x584.jpg 1024w, https:\/\/www.koukano.fr\/wp-content\/uploads\/2025\/12\/Location-salle-mariage-Tarn-e1765444727524-768x438.jpg 768w, https:\/\/www.koukano.fr\/wp-content\/uploads\/2025\/12\/Location-salle-mariage-Tarn-e1765444727524-1536x876.jpg 1536w\" sizes=\"(max-width: 2000px) 100vw, 2000px\" \/><\/figure>\n<\/div>\n<\/div>\n<\/div>\n<\/div>\n\n\n\n<div class=\"wp-block-group bottom is-nowrap is-layout-flex wp-container-core-group-is-layout-947e61e1 wp-block-group-is-layout-flex\" style=\"padding-top:0;padding-bottom:0\">\n<div class=\"wp-block-columns is-layout-flex wp-container-core-columns-is-layout-28f84493 wp-block-columns-is-layout-flex\">\n<div class=\"wp-block-column is-vertically-aligned-center left is-layout-flow wp-block-column-is-layout-flow\" style=\"flex-basis:40%\">\n<figure class=\"wp-block-image alignleft size-full maison wp-duotone-ff497f-ffffff-2\"><img decoding=\"async\" width=\"369\" height=\"382\" src=\"https:\/\/www.koukano.fr\/wp-content\/uploads\/2025\/11\/Group-4.svg\" alt=\"Grupo\" class=\"wp-image-208\"\/><\/figure>\n<\/div>\n\n\n\n<div class=\"wp-block-column right is-layout-flow wp-block-column-is-layout-flow\" style=\"flex-basis:60%\">\n<p class=\"has-custom-color-1-color has-text-color has-link-color wp-elements-101bfeaf41d8770deeaa84c60286a602\" style=\"padding-top:var(--wp--preset--spacing--10);padding-right:var(--wp--preset--spacing--30);line-height:1.8\">\u00bfBuscas un lugar para celebrar tu <strong>boda cerca de Castres<\/strong>? Descubre el Domaine du Koukano, un lugar <a href=\"https:\/\/www.koukano.fr\/es\/bodas\/\" data-type=\"page\" data-id=\"12\">para celebrar bodas en el Tarn<\/a>, a 45 minutos de Castres. Te da la bienvenida a un lugar de primera en plena naturaleza, \u00a1para una boda \u00fanica! <br\/><\/p>\n<\/div>\n<\/div>\n<\/div>\n<\/section>\n\n<section class=\"wp-block-group home-third bis ter is-layout-flow wp-block-group-is-layout-flow\">\n<div class=\"wp-block-group top is-layout-flow wp-block-group-is-layout-flow\" style=\"padding-right:0;padding-left:0\">\n<div class=\"wp-block-group is-layout-flow wp-block-group-is-layout-flow\" style=\"padding-right:0;padding-left:0\">\n<div data-swiper=\"{&quot;speed&quot;:1000,&quot;autoplay&quot;:{&quot;delay&quot;:5000,&quot;disableOnInteraction&quot;:false},&quot;spaceBetween&quot;:0,&quot;slidesPerView&quot;:1,&quot;pagination&quot;:{&quot;el&quot;:&quot;.swiper-pagination&quot;,&quot;dynamicBullets&quot;:true,&quot;clickable&quot;:true,&quot;type&quot;:&quot;bullets&quot;},&quot;navigation&quot;:{&quot;nextEl&quot;:&quot;.swiper-button-next&quot;,&quot;prevEl&quot;:&quot;.swiper-button-prev&quot;},&quot;breakpoints&quot;:[{&quot;slidesPerView&quot;:1}]}\" class=\"wp-block-cover has-custom-content-position is-position-bottom-left\" style=\"min-height:100vh;aspect-ratio:unset;\"><img decoding=\"async\" width=\"2000\" height=\"1120\" class=\"wp-block-cover__image-background wp-image-4492 size-full\" alt=\"mariages domaine de koukano\" src=\"https:\/\/www.koukano.fr\/wp-content\/uploads\/2025\/12\/mariages-domaine-de-koukano.jpg\" style=\"object-position:52% 90%\" data-object-fit=\"cover\" data-object-position=\"52% 90%\" srcset=\"https:\/\/www.koukano.fr\/wp-content\/uploads\/2025\/12\/mariages-domaine-de-koukano.jpg 2000w, https:\/\/www.koukano.fr\/wp-content\/uploads\/2025\/12\/mariages-domaine-de-koukano-300x168.jpg 300w, https:\/\/www.koukano.fr\/wp-content\/uploads\/2025\/12\/mariages-domaine-de-koukano-1024x573.jpg 1024w, https:\/\/www.koukano.fr\/wp-content\/uploads\/2025\/12\/mariages-domaine-de-koukano-768x430.jpg 768w, https:\/\/www.koukano.fr\/wp-content\/uploads\/2025\/12\/mariages-domaine-de-koukano-1536x860.jpg 1536w\" sizes=\"(max-width: 2000px) 100vw, 2000px\" \/><span aria-hidden=\"true\" class=\"wp-block-cover__background has-background-dim-100 has-background-dim wp-block-cover__gradient-background has-background-gradient\" style=\"background:linear-gradient(71deg,rgba(7,146,227,0) 0%,rgb(0,0,0) 100%)\"><\/span><div class=\"wp-block-cover__inner-container is-layout-flow wp-block-cover-is-layout-flow\">\n<p class=\"has-text-align-center has-large-font-size\"><\/p>\n<\/div><\/div>\n<\/div>\n\n\n\n<div class=\"wp-block-columns bottom-slider-text is-layout-flex wp-container-core-columns-is-layout-28f84493 wp-block-columns-is-layout-flex\">\n<div class=\"wp-block-column is-vertically-aligned-bottom is-layout-flow wp-block-column-is-layout-flow\" style=\"flex-basis:40%\">\n<p class=\"has-text-align-center h1-like has-base-2-color has-text-color has-link-color has-righteous-font-family wp-elements-faadf61af471e4995b8616906ccf36f0\" style=\"font-size:clamp(68.676px, 4.292rem + ((1vw - 3.2px) * 6.612), 150px);font-style:normal;font-weight:400;line-height:0.8\"><span>Una ceremonia<\/span> m\u00e1gica<\/p>\n<\/div>\n\n\n\n<div class=\"wp-block-column is-vertically-aligned-center is-layout-flow wp-block-column-is-layout-flow\" style=\"flex-basis:40%\">\n<div class=\"wp-block-group has-global-padding is-layout-constrained wp-block-group-is-layout-constrained\">\n<h2 class=\"wp-block-heading has-base-2-color has-text-color has-link-color wp-elements-684a2ebf59d3ebc0c364f9d85f92dc9c\" style=\"line-height:1;text-transform:uppercase\"><strong>El Domaine du Koukano ofrece el marco perfecto para tu boda cerca de Castres<\/strong><\/h2>\n\n\n\n<p class=\"has-base-2-color has-text-color has-link-color wp-elements-3ada06966b868a895b9027ee7743b87c\" style=\"padding-right:4rem\">El Suroeste y la regi\u00f3n de Occitanie tienen mucho que ofrecer en cuanto a magn\u00edficos paisajes, monumentos emblem\u00e1ticos y una gran cantidad de actividades. Si la regi\u00f3n es un destino de vacaciones imprescindible, tambi\u00e9n es el<strong> escenario perfecto para una boda<\/strong>. <\/p>\n\n\n\n<p class=\"has-base-2-color has-text-color has-link-color wp-elements-904cfe475e6b0eee6e0dde72260344a1\">Situado en la regi\u00f3n del Tarn, a s\u00f3lo cuarenta minutos de <strong>Castres<\/strong>, el <a href=\"https:\/\/www.koukano.fr\/es\/\" data-type=\"page\" data-id=\"7\">Domaine du Koukano<\/a> te da la bienvenida al encantador pueblo de Maurens-Scopont. Enclavada en un entorno natural, la finca ofrece un ambiente c\u00e1lido y acogedor, ideal para momentos de alegr\u00eda y convivencia.<\/p>\n\n\n\n<p class=\"has-base-2-color has-text-color has-link-color wp-elements-928d19961ef8247e9e4c3ec72e8cfd5a\">Descubrir\u00e1s <strong>21 hect\u00e1reas de bosque<\/strong>, un lago de encanto relajante y varias salas de actos flexibles y totalmente equipadas. Para completar la experiencia, el recinto tambi\u00e9n ofrece alojamiento confortable y una amplia gama de instalaciones de ocio. <\/p>\n\n\n\n<p class=\"has-base-2-color has-text-color has-link-color wp-elements-5a82365492ec208aaab8ad7348343df3\" style=\"padding-right:4rem\">Para<strong> organizar tu boda cerca de Castres<\/strong>, tambi\u00e9n puedes recurrir a los mejores proveedores de servicios de la regi\u00f3n: fot\u00f3grafos, floristas y servicios de alquiler de coches.<\/p>\n<\/div>\n<\/div>\n<\/div>\n<\/div>\n<\/section>\n\n<section class=\"wp-block-group home-one bis has-global-padding is-layout-constrained wp-block-group-is-layout-constrained\" style=\"border-top-left-radius:30px;border-top-right-radius:30px;margin-top:0em;padding-top:var(--wp--preset--spacing--40);padding-bottom:var(--wp--preset--spacing--50)\">\n<div class=\"wp-block-group top-img is-nowrap is-layout-flex wp-container-core-group-is-layout-6c531013 wp-block-group-is-layout-flex\">\n<figure class=\"wp-block-image size-full has-custom-border solo-img reveal\"><img decoding=\"async\" width=\"2000\" height=\"1203\" src=\"https:\/\/www.koukano.fr\/wp-content\/uploads\/2025\/12\/banquets-mariage-pres-de-toulouse-1-e1765469748779.jpg\" alt=\"banquetes de boda cerca de toulouse\" class=\"wp-image-4920\" style=\"border-radius:0px;aspect-ratio:16\/9;object-fit:cover\" srcset=\"https:\/\/www.koukano.fr\/wp-content\/uploads\/2025\/12\/banquets-mariage-pres-de-toulouse-1-e1765469748779.jpg 2000w, https:\/\/www.koukano.fr\/wp-content\/uploads\/2025\/12\/banquets-mariage-pres-de-toulouse-1-e1765469748779-300x180.jpg 300w, https:\/\/www.koukano.fr\/wp-content\/uploads\/2025\/12\/banquets-mariage-pres-de-toulouse-1-e1765469748779-1024x616.jpg 1024w, https:\/\/www.koukano.fr\/wp-content\/uploads\/2025\/12\/banquets-mariage-pres-de-toulouse-1-e1765469748779-768x462.jpg 768w, https:\/\/www.koukano.fr\/wp-content\/uploads\/2025\/12\/banquets-mariage-pres-de-toulouse-1-e1765469748779-1536x924.jpg 1536w\" sizes=\"(max-width: 2000px) 100vw, 2000px\" \/><\/figure>\n\n\n\n<div class=\"wp-block-group img-slide-right has-global-padding is-layout-constrained wp-block-group-is-layout-constrained\">\n<figure class=\"wp-block-image alignright size-full first wp-duotone-unset-3\" style=\"margin-bottom:5rem\"><img decoding=\"async\" width=\"115\" height=\"115\" src=\"https:\/\/www.koukano.fr\/wp-content\/uploads\/2025\/11\/champagne-1.svg\" alt=\"champ&#xE1;n (1)\" class=\"wp-image-746\"\/><\/figure>\n\n\n\n<figure class=\"wp-block-image size-full has-custom-border last reveal-reverse\"><img decoding=\"async\" width=\"2000\" height=\"1333\" src=\"https:\/\/www.koukano.fr\/wp-content\/uploads\/2025\/12\/domaine-du-Tarn-pres-de-Toulouse.jpg\" alt=\"domaine du Tarn cerca de Toulouse\" class=\"wp-image-4499\" style=\"border-radius:0px;aspect-ratio:16\/9;object-fit:cover\" srcset=\"https:\/\/www.koukano.fr\/wp-content\/uploads\/2025\/12\/domaine-du-Tarn-pres-de-Toulouse.jpg 2000w, https:\/\/www.koukano.fr\/wp-content\/uploads\/2025\/12\/domaine-du-Tarn-pres-de-Toulouse-300x200.jpg 300w, https:\/\/www.koukano.fr\/wp-content\/uploads\/2025\/12\/domaine-du-Tarn-pres-de-Toulouse-1024x682.jpg 1024w, https:\/\/www.koukano.fr\/wp-content\/uploads\/2025\/12\/domaine-du-Tarn-pres-de-Toulouse-768x512.jpg 768w, https:\/\/www.koukano.fr\/wp-content\/uploads\/2025\/12\/domaine-du-Tarn-pres-de-Toulouse-1536x1024.jpg 1536w\" sizes=\"(max-width: 2000px) 100vw, 2000px\" \/><\/figure>\n<\/div>\n<\/div>\n\n\n\n<div class=\"wp-block-columns is-layout-flex wp-container-core-columns-is-layout-28f84493 wp-block-columns-is-layout-flex\">\n<div class=\"wp-block-column is-vertically-aligned-center left is-layout-flow wp-block-column-is-layout-flow\">\n<p class=\"has-text-align-center h1-like has-custom-color-6-color has-text-color has-link-color has-righteous-font-family wp-elements-bd895bfa1e6cc72335c5f43e872423ff\" style=\"font-size:clamp(65.143px, 4.071rem + ((1vw - 3.2px) * 6.086), 140px);font-style:normal;font-weight:400;line-height:0.8\"><span>Un d\u00eda <\/span>para recordar<br\/><span><br\/><\/span><\/p>\n<\/div>\n\n\n\n<div class=\"wp-block-column right is-layout-flow wp-block-column-is-layout-flow\">\n<div class=\"wp-block-group compo-title has-global-padding is-content-justification-right is-layout-constrained wp-container-core-group-is-layout-9314f539 wp-block-group-is-layout-constrained\" style=\"padding-top:var(--wp--preset--spacing--30)\">\n<h2 class=\"wp-block-heading has-custom-color-4-color has-text-color has-link-color wp-elements-9cd19f35c67c3bee2493cfc39d08c62d\" style=\"text-transform:uppercase\"><strong>Varias salas de actos disponibles en esta finca <\/strong>cerca de Castres<\/h2>\n\n\n\n<p>La finca te ofrece varios <strong>salones de boda<\/strong> amplios, c\u00e1lidos y modulables <strong>cerca de Castres<\/strong>.<\/p>\n\n\n\n<p>Se adaptan tanto a una recepci\u00f3n \u00edntima como a una gran fiesta de hasta <strong>300 invitados<\/strong>. Cada lugar para <a href=\"https:\/\/www.koukano.fr\/es\/bodas\/salas-recepcion\/\" data-type=\"page\" data-id=\"14\">bodas en el Tarn <\/a>est\u00e1 equipado con modernas instalaciones y puede decorarse seg\u00fan tus deseos para reflejar la identidad de tu pareja. <\/p>\n\n\n\n<ul class=\"wp-block-list\">\n<li><strong>La Sala de la Chimenea<\/strong>: piedra vista y una gran chimenea para una boda chic y bohemia.<\/li>\n\n\n\n<li><strong>La sala K\u00e2<\/strong> (200 m\u00b2): vigas vistas, perfecta para un banquete o un c\u00f3ctel con m\u00e1s de 100 invitados.<\/li>\n\n\n\n<li><strong>La sala Club<\/strong>: contigua a la sala K\u00e2, con un ambiente tenue ideal para una velada inolvidable con DJ.<\/li>\n\n\n\n<li><strong>La sala Open Bar<\/strong>: \u00edntima, perfecta para una peque\u00f1a comida o para recibir a los ni\u00f1os.<br\/><\/li>\n<\/ul>\n<\/div>\n<\/div>\n<\/div>\n<\/section>\n\n<section class=\"wp-block-group home-third bis ter is-layout-flow wp-block-group-is-layout-flow\" style=\"padding-top:0\">\n<div class=\"wp-block-group top is-layout-flow wp-block-group-is-layout-flow\">\n<div class=\"wp-block-group is-layout-flow wp-block-group-is-layout-flow\">\n<div data-swiper=\"{&quot;speed&quot;:1000,&quot;autoplay&quot;:{&quot;delay&quot;:5000,&quot;disableOnInteraction&quot;:false},&quot;spaceBetween&quot;:0,&quot;slidesPerView&quot;:1,&quot;pagination&quot;:{&quot;el&quot;:&quot;.swiper-pagination&quot;,&quot;dynamicBullets&quot;:true,&quot;clickable&quot;:true,&quot;type&quot;:&quot;bullets&quot;},&quot;navigation&quot;:{&quot;nextEl&quot;:&quot;.swiper-button-next&quot;,&quot;prevEl&quot;:&quot;.swiper-button-prev&quot;},&quot;breakpoints&quot;:[{&quot;slidesPerView&quot;:1}]}\" class=\"wp-block-cover has-custom-content-position is-position-bottom-left animated fadeIn\" style=\"min-height:100vh;aspect-ratio:unset;\"><img decoding=\"async\" width=\"1733\" height=\"910\" class=\"wp-block-cover__image-background wp-image-4926 size-full\" alt=\"alentours lac de Geignes\" src=\"https:\/\/www.koukano.fr\/wp-content\/uploads\/2025\/12\/alentours-lac-de-Geignes-2-e1765526836665.jpg\" style=\"object-position:79% 45%\" data-object-fit=\"cover\" data-object-position=\"79% 45%\" srcset=\"https:\/\/www.koukano.fr\/wp-content\/uploads\/2025\/12\/alentours-lac-de-Geignes-2-e1765526836665.jpg 1733w, https:\/\/www.koukano.fr\/wp-content\/uploads\/2025\/12\/alentours-lac-de-Geignes-2-e1765526836665-300x158.jpg 300w, https:\/\/www.koukano.fr\/wp-content\/uploads\/2025\/12\/alentours-lac-de-Geignes-2-e1765526836665-1024x538.jpg 1024w, https:\/\/www.koukano.fr\/wp-content\/uploads\/2025\/12\/alentours-lac-de-Geignes-2-e1765526836665-768x403.jpg 768w, https:\/\/www.koukano.fr\/wp-content\/uploads\/2025\/12\/alentours-lac-de-Geignes-2-e1765526836665-1536x807.jpg 1536w\" sizes=\"(max-width: 1733px) 100vw, 1733px\" \/><span aria-hidden=\"true\" class=\"wp-block-cover__background has-background-dim-100 has-background-dim wp-block-cover__gradient-background has-background-gradient\" style=\"background:linear-gradient(135deg,rgba(7,146,227,0.03) 0%,rgb(0,0,0) 100%)\"><\/span><div class=\"wp-block-cover__inner-container is-layout-flow wp-block-cover-is-layout-flow\">\n<p class=\"has-text-align-center has-large-font-size\"><\/p>\n<\/div><\/div>\n<\/div>\n\n\n\n<div class=\"wp-block-columns bottom-slider-text is-layout-flex wp-container-core-columns-is-layout-28f84493 wp-block-columns-is-layout-flex\">\n<div class=\"wp-block-column is-vertically-aligned-bottom is-layout-flow wp-block-column-is-layout-flow\" style=\"flex-basis:40%\">\n<p class=\"has-text-align-right h1-like has-base-2-color has-text-color has-link-color has-righteous-font-family wp-elements-a358781666273588bbd31795bdb8cac8\" style=\"font-size:clamp(72.137px, 4.509rem + ((1vw - 3.2px) * 7.143), 160px);font-style:normal;font-weight:400;line-height:0.8\"><span>Retiro <\/span>rom\u00e1ntico<\/p>\n<\/div>\n\n\n\n<div class=\"wp-block-column is-vertically-aligned-center is-layout-flow wp-block-column-is-layout-flow\" style=\"flex-basis:40%\">\n<div class=\"wp-block-group has-global-padding is-layout-constrained wp-block-group-is-layout-constrained\">\n<h2 class=\"wp-block-heading has-base-2-color has-text-color has-link-color wp-elements-5b36376411f537220c9b9bdc82605fff\" style=\"line-height:1;text-transform:uppercase\">Una finca cerca de Castres para una boda de \u00e9xito<\/h2>\n\n\n\n<p class=\"has-base-2-color has-text-color has-link-color wp-elements-7b685c320769ac62ef120ab352bbcfb5\" style=\"padding-right:4rem\">Una boda es un d\u00eda \u00fanico, marcado por la emoci\u00f3n y el compartir. Para ti y tus seres queridos, debe ser un <strong>recuerdo inolvidable<\/strong>. <\/p>\n\n\n\n<p class=\"has-base-2-color has-text-color has-link-color wp-elements-6648df2350dc82e872159e735d4da333\">El Domaine du Koukano ofrece un marco rom\u00e1ntico y acogedor para tu <strong>boda cerca de Castres<\/strong>. El lugar goza de una ubicaci\u00f3n ideal, junto a un lago y en el coraz\u00f3n de un pueblo encantador. <\/p>\n\n\n\n<p class=\"has-base-2-color has-text-color has-link-color wp-elements-adecf17e5c2abac90d6094bad9cd4867\">Tu boda puede organizarse <strong>lo m\u00e1s cerca posible de la naturaleza<\/strong>: la novia puede prepararse en un entorno tranquilo, tus fotos cobrar\u00e1n vida alrededor del lago, y tu ceremonia puede celebrarse al aire libre o prolongarse con un vin d&#8217;honneur junto a la piscina.<\/p>\n\n\n\n<p class=\"has-base-2-color has-text-color has-link-color wp-elements-b819f0498d073e22ef853cd87a31f5fb\" style=\"padding-right:4rem\">Antes o despu\u00e9s de la fiesta, tambi\u00e9n tendr\u00e1s la oportunidad de descubrir los tesoros de los alrededores: la Monta\u00f1a Negra, el valle del Tarn o los Pirineos, en una excursi\u00f3n en pareja o en familia.<\/p>\n<\/div>\n<\/div>\n<\/div>\n<\/div>\n<\/section>\n\n<section class=\"wp-block-group home-one bis has-global-padding is-layout-constrained wp-block-group-is-layout-constrained\" style=\"border-top-left-radius:30px;border-top-right-radius:30px;margin-top:0em;padding-top:var(--wp--preset--spacing--40);padding-bottom:var(--wp--preset--spacing--50)\">\n<div class=\"wp-block-group top-img is-nowrap is-layout-flex wp-container-core-group-is-layout-6c531013 wp-block-group-is-layout-flex\">\n<figure class=\"wp-block-image size-full has-custom-border solo-img reveal\"><img decoding=\"async\" width=\"2560\" height=\"1706\" src=\"https:\/\/www.koukano.fr\/wp-content\/uploads\/2025\/12\/location-mariage-dans-le-tarn-2-e1765461809319.jpg\" alt=\"alquiler de bodas en el tarn\" class=\"wp-image-4787\" style=\"border-radius:0px;aspect-ratio:16\/9;object-fit:cover\" srcset=\"https:\/\/www.koukano.fr\/wp-content\/uploads\/2025\/12\/location-mariage-dans-le-tarn-2-e1765461809319.jpg 2560w, https:\/\/www.koukano.fr\/wp-content\/uploads\/2025\/12\/location-mariage-dans-le-tarn-2-e1765461809319-300x200.jpg 300w, https:\/\/www.koukano.fr\/wp-content\/uploads\/2025\/12\/location-mariage-dans-le-tarn-2-e1765461809319-1024x682.jpg 1024w, https:\/\/www.koukano.fr\/wp-content\/uploads\/2025\/12\/location-mariage-dans-le-tarn-2-e1765461809319-768x512.jpg 768w, https:\/\/www.koukano.fr\/wp-content\/uploads\/2025\/12\/location-mariage-dans-le-tarn-2-e1765461809319-1536x1024.jpg 1536w, https:\/\/www.koukano.fr\/wp-content\/uploads\/2025\/12\/location-mariage-dans-le-tarn-2-e1765461809319-2048x1365.jpg 2048w\" sizes=\"(max-width: 2560px) 100vw, 2560px\" \/><\/figure>\n\n\n\n<div class=\"wp-block-group img-slide-right has-global-padding is-layout-constrained wp-block-group-is-layout-constrained\">\n<figure class=\"wp-block-image alignright size-full first wp-duotone-unset-4\" style=\"margin-bottom:5rem\"><img decoding=\"async\" width=\"115\" height=\"115\" src=\"https:\/\/www.koukano.fr\/wp-content\/uploads\/2025\/11\/champagne-1.svg\" alt=\"champ&#xE1;n (1)\" class=\"wp-image-746\"\/><\/figure>\n\n\n\n<figure class=\"wp-block-image size-full has-custom-border last reveal-reverse\"><img decoding=\"async\" width=\"2000\" height=\"1167\" src=\"https:\/\/www.koukano.fr\/wp-content\/uploads\/2025\/12\/services-mariage-e1765527602943.jpg\" alt=\"servicios para bodas\" class=\"wp-image-4935\" style=\"border-radius:0px;aspect-ratio:16\/9;object-fit:cover\" srcset=\"https:\/\/www.koukano.fr\/wp-content\/uploads\/2025\/12\/services-mariage-e1765527602943.jpg 2000w, https:\/\/www.koukano.fr\/wp-content\/uploads\/2025\/12\/services-mariage-e1765527602943-300x175.jpg 300w, https:\/\/www.koukano.fr\/wp-content\/uploads\/2025\/12\/services-mariage-e1765527602943-1024x598.jpg 1024w, https:\/\/www.koukano.fr\/wp-content\/uploads\/2025\/12\/services-mariage-e1765527602943-768x448.jpg 768w, https:\/\/www.koukano.fr\/wp-content\/uploads\/2025\/12\/services-mariage-e1765527602943-1536x896.jpg 1536w\" sizes=\"(max-width: 2000px) 100vw, 2000px\" \/><\/figure>\n<\/div>\n<\/div>\n\n\n\n<div class=\"wp-block-columns is-layout-flex wp-container-core-columns-is-layout-28f84493 wp-block-columns-is-layout-flex\">\n<div class=\"wp-block-column is-vertically-aligned-center left is-layout-flow wp-block-column-is-layout-flow\">\n<p class=\"has-text-align-center h1-like has-custom-color-6-color has-text-color has-link-color has-righteous-font-family wp-elements-6bccf9120b31b4225acfdd464545f77c\" style=\"font-size:clamp(65.143px, 4.071rem + ((1vw - 3.2px) * 6.086), 140px);font-style:normal;font-weight:400;line-height:0.8\"><span>Elegancia<\/span> natural<br\/><span><br\/><\/span><\/p>\n<\/div>\n\n\n\n<div class=\"wp-block-column right is-layout-flow wp-block-column-is-layout-flow\">\n<div class=\"wp-block-group compo-title has-global-padding is-content-justification-right is-layout-constrained wp-container-core-group-is-layout-9314f539 wp-block-group-is-layout-constrained\" style=\"padding-top:var(--wp--preset--spacing--30)\">\n<h2 class=\"wp-block-heading has-custom-color-4-color has-text-color has-link-color wp-elements-0ec1291ce37315abeba8f403ed38dfad\" style=\"text-transform:uppercase\"><strong>Servicios a la altura de tus expectativas para tu boda<\/strong> cerca de Castres<\/h2>\n\n\n\n<p>El Domaine du Koukano ofrece una gama completa de servicios para satisfacer todas tus necesidades:<\/p>\n\n\n\n<ul class=\"wp-block-list\">\n<li><strong>Ceremonia laica<\/strong> en el coraz\u00f3n de las 21 hect\u00e1reas.<\/li>\n\n\n\n<li><strong>Zona de<\/strong> piscinas con 4 estanques, ideal para una recepci\u00f3n con vino o un brunch junto al agua.<\/li>\n\n\n\n<li><strong>Zona de restauraci\u00f3n<\/strong> totalmente equipada para los profesionales que elijas.<\/li>\n\n\n\n<li><strong>Audio\/V\u00eddeo<\/strong> con sistemas de sonido y proyecci\u00f3n de alta gama.<\/li>\n\n\n\n<li><strong>Actividades de ocio<\/strong>: tenis, voleibol, f\u00fatbol, bolera, instalaciones para ni\u00f1os.<\/li>\n\n\n\n<li><strong>Peque\u00f1os extras<\/strong>: privatizaci\u00f3n de la finca, amplio aparcamiento, recinto seguro y alojamiento confortable.<\/li>\n<\/ul>\n<\/div>\n<\/div>\n<\/div>\n<\/section>\n\n<section class=\"wp-block-group home-third bis ter is-layout-flow wp-block-group-is-layout-flow\" style=\"padding-top:0\">\n<div class=\"wp-block-group top is-layout-flow wp-block-group-is-layout-flow\">\n<div class=\"wp-block-group is-layout-flow wp-block-group-is-layout-flow\">\n<div data-swiper=\"{&quot;speed&quot;:1000,&quot;autoplay&quot;:{&quot;delay&quot;:5000,&quot;disableOnInteraction&quot;:false},&quot;spaceBetween&quot;:0,&quot;slidesPerView&quot;:1,&quot;pagination&quot;:{&quot;el&quot;:&quot;.swiper-pagination&quot;,&quot;dynamicBullets&quot;:true,&quot;clickable&quot;:true,&quot;type&quot;:&quot;bullets&quot;},&quot;navigation&quot;:{&quot;nextEl&quot;:&quot;.swiper-button-next&quot;,&quot;prevEl&quot;:&quot;.swiper-button-prev&quot;},&quot;breakpoints&quot;:[{&quot;slidesPerView&quot;:1}]}\" class=\"wp-block-cover has-custom-content-position is-position-bottom-left animated fadeIn\" style=\"min-height:100vh;aspect-ratio:unset;\"><img decoding=\"async\" width=\"2000\" height=\"1125\" class=\"wp-block-cover__image-background wp-image-3122 size-full\" alt=\"koukano_activit\u00e9s sportives\" src=\"https:\/\/www.koukano.fr\/wp-content\/uploads\/2025\/12\/koukano_activites-sportives.jpg\" style=\"object-position:100% 31%\" data-object-fit=\"cover\" data-object-position=\"100% 31%\" srcset=\"https:\/\/www.koukano.fr\/wp-content\/uploads\/2025\/12\/koukano_activites-sportives.jpg 2000w, https:\/\/www.koukano.fr\/wp-content\/uploads\/2025\/12\/koukano_activites-sportives-300x169.jpg 300w, https:\/\/www.koukano.fr\/wp-content\/uploads\/2025\/12\/koukano_activites-sportives-1024x576.jpg 1024w, https:\/\/www.koukano.fr\/wp-content\/uploads\/2025\/12\/koukano_activites-sportives-768x432.jpg 768w, https:\/\/www.koukano.fr\/wp-content\/uploads\/2025\/12\/koukano_activites-sportives-1536x864.jpg 1536w\" sizes=\"(max-width: 2000px) 100vw, 2000px\" \/><span aria-hidden=\"true\" class=\"wp-block-cover__background has-background-dim-100 has-background-dim wp-block-cover__gradient-background has-background-gradient\" style=\"background:linear-gradient(86deg,rgba(7,146,227,0) 0%,rgb(0,0,0) 99%)\"><\/span><div class=\"wp-block-cover__inner-container is-layout-flow wp-block-cover-is-layout-flow\">\n<p class=\"has-text-align-center has-large-font-size\"><\/p>\n<\/div><\/div>\n<\/div>\n\n\n\n<div class=\"wp-block-columns bottom-slider-text is-layout-flex wp-container-core-columns-is-layout-28f84493 wp-block-columns-is-layout-flex\">\n<div class=\"wp-block-column is-vertically-aligned-bottom is-layout-flow wp-block-column-is-layout-flow\" style=\"flex-basis:40%\">\n<p class=\"has-text-align-right h1-like has-base-2-color has-text-color has-link-color has-righteous-font-family wp-elements-5b069215ae5a6dba6249391fb52fc13d\" style=\"font-size:clamp(72.137px, 4.509rem + ((1vw - 3.2px) * 7.143), 160px);font-style:normal;font-weight:400;line-height:0.8\"><span>Bodas<\/span> a medida<\/p>\n<\/div>\n\n\n\n<div class=\"wp-block-column is-vertically-aligned-center is-layout-flow wp-block-column-is-layout-flow\" style=\"flex-basis:40%\">\n<div class=\"wp-block-group has-global-padding is-layout-constrained wp-block-group-is-layout-constrained\">\n<h2 class=\"wp-block-heading has-base-2-color has-text-color has-link-color wp-elements-2cae6733274c4c11bb4d577c4b2d6c82\" style=\"line-height:1;text-transform:uppercase\"><strong>Actividades<\/strong> in situ <strong>y alojamiento<\/strong> <\/h2>\n\n\n\n<p class=\"has-base-2-color has-text-color has-link-color wp-elements-4fdf5e13c9e717dd1251a48f0be8e633\" style=\"padding-right:4rem\">La finca tambi\u00e9n destaca por la calidad de sus instalaciones. Su<strong> parque acu\u00e1tico con 4 piscinas<\/strong> har\u00e1 las delicias de tus invitados, tanto si buscas un momento de convivencia despu\u00e9s de la fiesta como un brunch al sol. <\/p>\n\n\n\n<p class=\"has-base-2-color has-text-color has-link-color wp-elements-9041feb6963c941613f01d7a5fa37029\">Para los m\u00e1s deportistas, hay <strong>varias instalaciones<\/strong> disponibles, como pistas de tenis, campos de f\u00fatbol y voleibol, boleras y estructuras hinchables para ni\u00f1os.<\/p>\n\n\n\n<p class=\"has-base-2-color has-text-color has-link-color wp-elements-35c3eae326d36254144413879384a950\">En el aspecto pr\u00e1ctico, el <strong>servicio de catering <\/strong>dispone de un <strong>espacio de trabajo profesional <\/strong>con todo el equipamiento necesario (frigor\u00edficos, armarios calientes, superficies de trabajo, etc.). Tu DJ, por su parte, puede contar con un sistema de sonido e iluminaci\u00f3n de alto rendimiento, una mesa de mezclas y retroproyectores. <\/p>\n\n\n\n<p class=\"has-base-2-color has-text-color has-link-color wp-elements-44996832c002df347ea25c44ba23461c\" style=\"padding-right:4rem\">Por \u00faltimo, tus invitados pueden alojarse in situ. La finca ofrece <strong>modernos<\/strong> <strong>chal\u00e9s <\/strong>y <strong>casas m\u00f3viles con aire acondicionado<\/strong> para 5 a 8 personas. Cada uno dispone de c\u00f3modas habitaciones, una terraza cubierta y una relajante vista de la campi\u00f1a circundante.  <\/p>\n<\/div>\n<\/div>\n<\/div>\n<\/div>\n<\/section>\n\n<section class=\"wp-block-group home-fifth is-layout-flow wp-block-group-is-layout-flow\" style=\"padding-top:var(--wp--preset--spacing--60);padding-bottom:var(--wp--preset--spacing--60)\">\n<div class=\"wp-block-group is-nowrap is-layout-flex wp-container-core-group-is-layout-811fc6dd wp-block-group-is-layout-flex\" style=\"padding-right:var(--wp--preset--spacing--60);padding-left:var(--wp--preset--spacing--60)\">\n<div class=\"wp-block-group has-global-padding is-layout-constrained wp-container-core-group-is-layout-046152fe wp-block-group-is-layout-constrained\" style=\"padding-right:var(--wp--preset--spacing--60);padding-left:0\">\n<h2 class=\"wp-block-heading\"><strong>Reservas y presupuestos<\/strong><\/h2>\n\n\n\n<p>\u00bfSue\u00f1as con una boda cerca de Castres en un entorno \u00fanico, entre lago y naturaleza? Ponte en contacto con el Domaine du Koukano para hablar de tus planes. Estaremos encantados de aconsejarte y ayudarte a organizar el d\u00eda m\u00e1s bonito de tu vida.  <\/p>\n\n\n<a href=\"https:\/\/www.koukano.fr\/mariages\/obtenir-un-devis\/\"    style=\"margin-top:var(--wp--preset--spacing--40);\" class=\"wp-block-tiptip-hyperlink-group-block\" >\n<div class=\"wp-block-group btn-1 is-nowrap is-layout-flex wp-container-core-group-is-layout-cd9ab148 wp-block-group-is-layout-flex\">\n<div class=\"wp-block-group has-border-color has-custom-color-6-border-color has-global-padding is-layout-constrained wp-container-core-group-is-layout-86dba5ee wp-block-group-is-layout-constrained\" style=\"border-radius:100%;padding-top:var(--wp--preset--spacing--10);padding-right:var(--wp--preset--spacing--10);padding-bottom:var(--wp--preset--spacing--10);padding-left:var(--wp--preset--spacing--10)\">\n<figure class=\"wp-block-image size-large\"><img decoding=\"async\" width=\"47\" height=\"95\" src=\"https:\/\/www.koukano.fr\/wp-content\/uploads\/2025\/11\/Vector-20.svg\" alt=\"Vector\" class=\"wp-image-770\"\/><\/figure>\n<\/div>\n\n\n\n<p class=\"has-custom-color-4-color has-text-color has-link-color has-plus-jakarta-sans-font-family wp-elements-a67b3d32d55935ffe2391d4139378519\" style=\"font-size:clamp(16.293px, 1.018rem + ((1vw - 3.2px) * 0.708), 25px);font-style:normal;font-weight:500;letter-spacing:4px;text-transform:uppercase\"><strong>solicitar presupuesto<\/strong><\/p>\n<\/div>\n<\/a>\n\n\n<p><br\/><\/p>\n\n\n\n<p><br\/><\/p>\n<\/div>\n\n\n\n<p class=\"h1-like has-custom-color-6-color has-text-color has-link-color has-righteous-font-family wp-elements-5fc0c1ab132822b9a16c1b78e4a5fba5\" style=\"font-size:clamp(65.143px, 4.071rem + ((1vw - 3.2px) * 6.086), 140px);font-style:normal;font-weight:400;line-height:0.8\"><span>Aqu\u00ed, momentos<\/span> inolvidables<\/p>\n<\/div>\n<\/section>\n\n<section class=\"wp-block-group page-maillage has-global-padding is-layout-constrained wp-block-group-is-layout-constrained\" style=\"padding-top:var(--wp--preset--spacing--50);padding-bottom:var(--wp--preset--spacing--60)\">\n<p class=\"has-custom-color-4-color has-text-color has-link-color has-righteous-font-family wp-elements-f2ad20f6ad5163354b155bdb9325179f\" style=\"margin-right:0;margin-left:0;font-size:clamp(1.403rem, 1.403rem + ((1vw - 0.2rem) * 1.167), 2.3rem);text-transform:uppercase\"><strong>Descubre <\/strong>nuestras sedes, alojamientos y servicios<\/p>\n\n\n\n<div data-wp-context=\"{}\" data-wp-interactive=\"core\/query\" data-wp-key=\"9\" data-wp-router-region=\"query-9\" class=\"wp-block-query alignwide gt-fse-maillage-query is-layout-flow wp-block-query-is-layout-flow\"><ul class=\"wp-block-post-template is-layout-flow wp-block-post-template-is-layout-flow\"><li data-wp-key=\"post-template-item-6138\" class=\"wp-block-post post-6138 page type-page status-publish has-post-thumbnail hentry\">\n\n<figure class=\"wp-block-image\"><img decoding=\"async\" src=\"https:\/\/www.koukano.fr\/wp-content\/uploads\/2025\/12\/domaine-mariage-pres-de-Toulouse-edited.jpg\" alt=\"\"\/><\/figure>\n\n\n\n<p class=\"maillage-title has-base-2-color has-text-color has-link-color has-righteous-font-family wp-elements-993673a9ba0e25265c168c6f68d27d3c\" style=\"font-size:clamp(20.515px, 1.282rem + ((1vw - 3.2px) * 1.015), 33px);text-transform:uppercase\">Alojamiento<\/p>\n\n\n<a class=\"is-style-lien-cover wp-block-read-more\" href=\"https:\/\/www.koukano.fr\/es\/bodas\/alojamiento\/\" target=\"_self\">Leer m\u00e1s<span class=\"screen-reader-text\">: Alojamiento<\/span><\/a>\n<\/li><li data-wp-key=\"post-template-item-6127\" class=\"wp-block-post post-6127 page type-page status-publish has-post-thumbnail hentry\">\n\n<figure class=\"wp-block-image\"><img decoding=\"async\" src=\"https:\/\/www.koukano.fr\/wp-content\/uploads\/2025\/12\/domaine-en-location-pour-mariage-pres-de-castres-1.jpg\" alt=\"\"\/><\/figure>\n\n\n\n<p class=\"maillage-title has-base-2-color has-text-color has-link-color has-righteous-font-family wp-elements-993673a9ba0e25265c168c6f68d27d3c\" style=\"font-size:clamp(20.515px, 1.282rem + ((1vw - 3.2px) * 1.015), 33px);text-transform:uppercase\">Tus espacios<\/p>\n\n\n<a class=\"is-style-lien-cover wp-block-read-more\" href=\"https:\/\/www.koukano.fr\/es\/bodas\/salas-recepcion\/\" target=\"_self\">Leer m\u00e1s<span class=\"screen-reader-text\">: Tus espacios<\/span><\/a>\n<\/li><li data-wp-key=\"post-template-item-6111\" class=\"wp-block-post post-6111 page type-page status-publish has-post-thumbnail hentry\">\n\n<figure class=\"wp-block-image\"><img decoding=\"async\" src=\"https:\/\/www.koukano.fr\/wp-content\/uploads\/2025\/12\/location-mariage-tarn.jpg\" alt=\"\"\/><\/figure>\n\n\n\n<p class=\"maillage-title has-base-2-color has-text-color has-link-color has-righteous-font-family wp-elements-993673a9ba0e25265c168c6f68d27d3c\" style=\"font-size:clamp(20.515px, 1.282rem + ((1vw - 3.2px) * 1.015), 33px);text-transform:uppercase\">Tus servicios<\/p>\n\n\n<a class=\"is-style-lien-cover wp-block-read-more\" href=\"https:\/\/www.koukano.fr\/es\/bodas\/servicios-para-bodas\/\" target=\"_self\">Leer m\u00e1s<span class=\"screen-reader-text\">: Tus servicios<\/span><\/a>\n<\/li><\/ul><\/div>\n<\/section>\n","protected":false},"excerpt":{"rendered":"<p>Celebra tu boda en nuestra finca cerca de Castres \u00bfBuscas un lugar para celebrar tu boda cerca de Castres? Descubre el Domaine du Koukano, un lugar para celebrar bodas en el Tarn, a 45 minutos de Castres. Te da la bienvenida a un lugar de primera en plena naturaleza, \u00a1para una boda \u00fanica! Una ceremonia [&hellip;]<\/p>\n","protected":false},"author":1,"featured_media":4781,"parent":6148,"menu_order":0,"comment_status":"closed","ping_status":"closed","template":"wp-custom-template-pages-mariages","meta":{"_seopress_robots_primary_cat":"","_seopress_titles_title":"Finca para bodas en Castres con salas de recepci\u00f3n (81)","_seopress_titles_desc":"Descubre nuestra finca para bodas cerca de Castres, que ofrece un entorno id\u00edlico para tu gran d\u00eda. Zonas de recepci\u00f3n, espacios exteriores, alojamiento, actividades...","_seopress_robots_index":"","inline_featured_image":false,"gt_fse_maillage_image":"https:\/\/www.koukano.fr\/wp-content\/uploads\/2025\/12\/Mariage-domaine-e1765461265399.jpg","gt_fse_maillage_titre":"Boda Castres","gt_fse_maillage_alt":"Boda Castres","gt_fse_maillage_resume":"","footnotes":""},"categories":[],"tags":[],"class_list":["post-6400","page","type-page","status-publish","has-post-thumbnail","hentry"],"_links":{"self":[{"href":"https:\/\/www.koukano.fr\/es\/wp-json\/wp\/v2\/pages\/6400","targetHints":{"allow":["GET"]}}],"collection":[{"href":"https:\/\/www.koukano.fr\/es\/wp-json\/wp\/v2\/pages"}],"about":[{"href":"https:\/\/www.koukano.fr\/es\/wp-json\/wp\/v2\/types\/page"}],"author":[{"embeddable":true,"href":"https:\/\/www.koukano.fr\/es\/wp-json\/wp\/v2\/users\/1"}],"replies":[{"embeddable":true,"href":"https:\/\/www.koukano.fr\/es\/wp-json\/wp\/v2\/comments?post=6400"}],"version-history":[{"count":8,"href":"https:\/\/www.koukano.fr\/es\/wp-json\/wp\/v2\/pages\/6400\/revisions"}],"predecessor-version":[{"id":8291,"href":"https:\/\/www.koukano.fr\/es\/wp-json\/wp\/v2\/pages\/6400\/revisions\/8291"}],"up":[{"embeddable":true,"href":"https:\/\/www.koukano.fr\/es\/wp-json\/wp\/v2\/pages\/6148"}],"wp:featuredmedia":[{"embeddable":true,"href":"https:\/\/www.koukano.fr\/es\/wp-json\/wp\/v2\/media\/4781"}],"wp:attachment":[{"href":"https:\/\/www.koukano.fr\/es\/wp-json\/wp\/v2\/media?parent=6400"}],"wp:term":[{"taxonomy":"category","embeddable":true,"href":"https:\/\/www.koukano.fr\/es\/wp-json\/wp\/v2\/categories?post=6400"},{"taxonomy":"post_tag","embeddable":true,"href":"https:\/\/www.koukano.fr\/es\/wp-json\/wp\/v2\/tags?post=6400"}],"curies":[{"name":"wp","href":"https:\/\/api.w.org\/{rel}","templated":true}]}}