{"id":6232,"date":"2026-01-17T14:36:43","date_gmt":"2026-01-17T13:36:43","guid":{"rendered":"https:\/\/koukano.geek-tonic.dev\/hebergement\/chalet-portland-vue-lac\/"},"modified":"2026-07-28T16:50:08","modified_gmt":"2026-07-28T14:50:08","slug":"chalet-portland-vue-lac","status":"publish","type":"hebergement","link":"https:\/\/www.koukano.fr\/es\/hebergement\/chalet-portland-vue-lac\/","title":{"rendered":"Chalet Portland vista al lago"},"content":{"rendered":"\n<div class=\"wp-block-group gt-hebergement-foot has-custom-color-4-background-color has-background is-layout-flow wp-container-core-group-is-layout-7cf6d7d1 wp-block-group-is-layout-flow\" style=\"padding-top:var(--wp--preset--spacing--20);padding-right:var(--wp--preset--spacing--30);padding-bottom:var(--wp--preset--spacing--20);padding-left:var(--wp--preset--spacing--30)\">\n<div class=\"wp-block-group is-content-justification-space-between is-layout-flex wp-container-core-group-is-layout-c1b82d17 wp-block-group-is-layout-flex\" style=\"margin-top:0;margin-bottom:0\">\n<h1 class=\"wp-block-heading has-base-2-color has-text-color has-link-color has-hand-of-sean-demo-font-family has-custom-2-font-size wp-elements-1\">Chalet Portland vista al lago<\/h1>\n\n\n\n<div class=\"wp-block-group is-nowrap is-layout-flex wp-container-core-group-is-layout-3a88641f wp-block-group-is-layout-flex\">\n<div class=\"wp-block-group hebergement-info is-horizontal is-content-justification-center is-nowrap is-layout-flex wp-container-core-group-is-layout-3ae93dc1 wp-block-group-is-layout-flex\">\n<figure class=\"wp-block-image size-full is-resized wp-duotone-unset-1\"><img decoding=\"async\" width=\"25\" height=\"23\" src=\"https:\/\/www.koukano.fr\/wp-content\/uploads\/2025\/11\/relation-amicale-1.svg\" alt=\"relaci\u00f3n amistosa (1)\" class=\"wp-image-962\" style=\"width:35px\"\/><\/figure>\n\n\n\n<div class=\"wp-block-group is-nowrap is-layout-flex wp-container-core-group-is-layout-f238930a wp-block-group-is-layout-flex\"><div class=\"taxonomy-gt-hebergements-nombre-personnes has-link-color wp-elements-2 wp-block-post-terms has-text-color has-base-2-color has-custom-3-font-size\"><span>6<\/span><\/div>\n\n\n<p class=\"has-base-2-color has-text-color has-link-color has-custom-3-font-size wp-elements-3 wp-block-paragraph\">Pers.<\/p>\n<\/div>\n<\/div>\n\n\n\n<div class=\"wp-block-group hebergement-info is-horizontal is-content-justification-center is-nowrap is-layout-flex wp-container-core-group-is-layout-3ae93dc1 wp-block-group-is-layout-flex\">\n<figure class=\"wp-block-image size-full is-resized wp-duotone-unset-2\"><img decoding=\"async\" width=\"25\" height=\"23\" src=\"https:\/\/www.koukano.fr\/wp-content\/uploads\/2025\/11\/lit-double-1.svg\" alt=\"cama doble (1)\" class=\"wp-image-959\" style=\"width:35px\"\/><\/figure>\n\n\n\n<div class=\"wp-block-group is-nowrap is-layout-flex wp-container-core-group-is-layout-f238930a wp-block-group-is-layout-flex\"><div class=\"taxonomy-gt-hebergements-nombre-chambres has-link-color wp-elements-4 wp-block-post-terms has-text-color has-base-2-color has-custom-3-font-size\"><span>3<\/span><\/div>\n\n\n<p class=\"has-base-2-color has-text-color has-link-color has-custom-3-font-size wp-elements-5 wp-block-paragraph\">Ch.<\/p>\n<\/div>\n<\/div>\n\n\n\n<div class=\"wp-block-group hebergement-info is-horizontal is-content-justification-center is-nowrap is-layout-flex wp-container-core-group-is-layout-3ae93dc1 wp-block-group-is-layout-flex\">\n<figure class=\"wp-block-image size-full is-resized\"><img decoding=\"async\" width=\"25\" height=\"25\" src=\"https:\/\/www.koukano.fr\/wp-content\/uploads\/2025\/11\/surface-1-1.svg\" alt=\"superficie (1) (1)\" class=\"wp-image-956\" style=\"width:35px\"\/><\/figure>\n\n\n\n<div class=\"wp-block-group is-nowrap is-layout-flex wp-container-core-group-is-layout-f238930a wp-block-group-is-layout-flex\"><div class=\"taxonomy-gt-hebergements-superficie has-link-color wp-elements-6 wp-block-post-terms has-text-color has-base-2-color has-custom-3-font-size\"><span>35<\/span><\/div>\n\n\n<p class=\"has-base-2-color has-text-color has-link-color has-custom-3-font-size wp-elements-7 wp-block-paragraph\"><sup>m2<\/sup><\/p>\n<\/div>\n<\/div>\n<\/div>\n<\/div>\n<\/div>\n\n\n\n<div class=\"wp-block-group has-global-padding is-layout-constrained wp-block-group-is-layout-constrained\" style=\"margin-bottom:var(--wp--preset--spacing--40)\">\n<div class=\"wp-block-columns is-layout-flex wp-container-core-columns-is-layout-3a88641f wp-block-columns-is-layout-flex\">\n<div class=\"wp-block-column is-layout-flow wp-block-column-is-layout-flow\" style=\"flex-basis:55%\">\n<figure class=\"wp-block-image size-large\"><img decoding=\"async\" width=\"1024\" height=\"768\" src=\"https:\/\/www.koukano.fr\/wp-content\/uploads\/2025\/12\/location-chalet-peche-tarn-1-1024x768.jpg\" alt=\"alquiler chalet peche tarn\" class=\"wp-image-5523\" srcset=\"https:\/\/www.koukano.fr\/wp-content\/uploads\/2025\/12\/location-chalet-peche-tarn-1-1024x768.jpg 1024w, https:\/\/www.koukano.fr\/wp-content\/uploads\/2025\/12\/location-chalet-peche-tarn-1-300x225.jpg 300w, https:\/\/www.koukano.fr\/wp-content\/uploads\/2025\/12\/location-chalet-peche-tarn-1-768x576.jpg 768w, https:\/\/www.koukano.fr\/wp-content\/uploads\/2025\/12\/location-chalet-peche-tarn-1-1536x1152.jpg 1536w, https:\/\/www.koukano.fr\/wp-content\/uploads\/2025\/12\/location-chalet-peche-tarn-1.jpg 2000w\" sizes=\"(max-width: 1024px) 100vw, 1024px\" \/><\/figure>\n\n\n\n<p class=\"wp-block-paragraph\">  Con sus 3 dormitorios, el chalet Portland atraer\u00e1 a los amantes del espacio. Un gran sal\u00f3n con mirador de 4 m, un cuarto de ba\u00f1o con ducha XL, una cocina moderna con lavavajillas y un gran frigor\u00edfico\/congelador&#8230;. no te queda m\u00e1s que relajarte en vacaciones. Mucho espacio, instalaciones modernas y confortables y un dise\u00f1o bien pensado para unas vacaciones en familia o con amigos.  <\/p>\n\n\n\n<p class=\"wp-block-paragraph\">Dise\u00f1ado para alojar hasta 6 personas, el Chalet Portland tiene un dormitorio con cama de matrimonio (160\u00d7200), un dormitorio con dos camas individuales (80\u00d7200) y un dormitorio con dos literas individuales (80\u00d7200). Se puede instalar una cuna en el dormitorio de los ni\u00f1os. <\/p>\n\n\n\n<p class=\"wp-block-paragraph\">El sal\u00f3n tiene una zona de estar con sof\u00e1, una zona de comedor y una cocina totalmente equipada. El cuarto de ba\u00f1o tiene un lavabo doble y una ducha XL (100\u00d780) para mayor comodidad. El aseo est\u00e1 separado. <\/p>\n<\/div>\n\n\n\n<div class=\"wp-block-column is-layout-flow wp-block-column-is-layout-flow\" style=\"flex-basis:45%\">\n<div class=\"wp-block-columns are-vertically-aligned-center is-layout-flex wp-container-core-columns-is-layout-3a88641f wp-block-columns-is-layout-flex\">\n<div class=\"wp-block-column is-vertically-aligned-center column-stock is-layout-flow wp-block-column-is-layout-flow\" style=\"flex-basis:33.33%\">\n<!--?xml version=\"1.0\" encoding=\"UTF-8\"?-->\r\n<svg xmlns=\"http:\/\/www.w3.org\/2000\/svg\" width=\"50\" height=\"50\" viewBox=\"0 0 128 128\" fill=\"#00DFD6\"><g><path d=\"M103.049,8.156H81.463V6.307a1.749,1.749,0,0,0-1.75-1.75H48.287a1.75,1.75,0,0,0-1.75,1.75V8.156H24.951A6.76,6.76,0,0,0,18.2,14.907V116.691a6.76,6.76,0,0,0,6.752,6.752h78.1a6.76,6.76,0,0,0,6.752-6.752V14.907A6.76,6.76,0,0,0,103.049,8.156ZM95.356,22.6V109H32.644V22.6ZM50.037,8.057H77.963V19.1H50.037ZM106.3,116.691a3.256,3.256,0,0,1-3.252,3.252h-78.1a3.256,3.256,0,0,1-3.252-3.252V14.907a3.255,3.255,0,0,1,3.252-3.251H46.537V19.1H30.894a1.749,1.749,0,0,0-1.75,1.75v89.9a1.749,1.749,0,0,0,1.75,1.75H97.106a1.749,1.749,0,0,0,1.75-1.75v-89.9a1.749,1.749,0,0,0-1.75-1.75H81.463V11.656h21.586a3.255,3.255,0,0,1,3.252,3.251Z\"><\/path><path d=\"M55.81,15.328H72.189a1.75,1.75,0,0,0,0-3.5H55.81a1.75,1.75,0,0,0,0,3.5Z\"><\/path><path d=\"M64.705,101.345H75.329a1.75,1.75,0,0,0,0-3.5H64.705a1.75,1.75,0,0,0,0,3.5Z\"><\/path><path d=\"M64.705,92.756H85.952a1.75,1.75,0,0,0,0-3.5H64.705a1.75,1.75,0,0,0,0,3.5Z\"><\/path><path d=\"M45.418,100.832a1.749,1.749,0,0,0,2.475,0l8.588-8.589a1.749,1.749,0,0,0-2.474-2.474L46.656,97.12l-3.371-3.371a1.75,1.75,0,0,0-2.475,2.475Z\"><\/path><path d=\"M64.705,42.343H75.329a1.75,1.75,0,0,0,0-3.5H64.705a1.75,1.75,0,0,0,0,3.5Z\"><\/path><path d=\"M64.705,33.754H85.952a1.75,1.75,0,1,0,0-3.5H64.705a1.75,1.75,0,1,0,0,3.5Z\"><\/path><path d=\"M45.418,41.83a1.749,1.749,0,0,0,2.475,0l8.588-8.589a1.749,1.749,0,1,0-2.474-2.474l-7.351,7.351-3.371-3.371a1.75,1.75,0,1,0-2.475,2.475Z\"><\/path><path d=\"M64.705,62.01H75.329a1.75,1.75,0,0,0,0-3.5H64.705a1.75,1.75,0,0,0,0,3.5Z\"><\/path><path d=\"M64.705,53.422H85.952a1.75,1.75,0,0,0,0-3.5H64.705a1.75,1.75,0,0,0,0,3.5Z\"><\/path><path d=\"M45.418,61.5a1.749,1.749,0,0,0,2.475,0l8.588-8.588a1.749,1.749,0,1,0-2.474-2.474l-7.351,7.35-3.371-3.371a1.75,1.75,0,1,0-2.475,2.475Z\"><\/path><path d=\"M64.705,81.678H75.329a1.75,1.75,0,1,0,0-3.5H64.705a1.75,1.75,0,1,0,0,3.5Z\"><\/path><path d=\"M64.705,73.089H85.952a1.75,1.75,0,0,0,0-3.5H64.705a1.75,1.75,0,1,0,0,3.5Z\"><\/path><path d=\"M45.418,81.165a1.749,1.749,0,0,0,2.475,0l8.588-8.589A1.749,1.749,0,0,0,54.007,70.1l-7.351,7.351-3.371-3.371a1.75,1.75,0,0,0-2.475,2.475Z\"><\/path><\/g><\/svg>\n<\/div>\n\n\n\n<div class=\"wp-block-column is-vertically-aligned-center is-layout-flow wp-block-column-is-layout-flow\" style=\"flex-basis:66.66%\">\n<h2 class=\"wp-block-heading stock-title\"><strong>Inventario<\/strong><\/h2>\n<\/div>\n<\/div>\n\n\n\n<div id=\"swiper-inventory\" class=\"wp-block-group has-custom-color-4-background-color has-background is-layout-flex wp-container-core-group-is-layout-63051ad5 wp-block-group-is-layout-flex\" style=\"margin-top:0;margin-bottom:0;padding-top:var(--wp--preset--spacing--30);padding-right:var(--wp--preset--spacing--40);padding-bottom:var(--wp--preset--spacing--30);padding-left:var(--wp--preset--spacing--40)\">\n<div class=\"wp-block-group inventory-container has-global-padding is-layout-constrained wp-container-core-group-is-layout-20487ece wp-block-group-is-layout-constrained\" style=\"border-radius:1rem;padding-top:var(--wp--preset--spacing--10);padding-right:var(--wp--preset--spacing--10);padding-bottom:var(--wp--preset--spacing--10);padding-left:var(--wp--preset--spacing--10)\">\n<p class=\"has-base-2-color has-text-color has-link-color wp-elements-8 wp-block-paragraph\" style=\"font-size:clamp(14px, 0.875rem + ((1vw - 3.2px) * 0.488), 20px);font-style:normal;font-weight:600\">Habitaci\u00f3n(es)<\/p>\n\n\n\n<ul class=\"wp-block-list has-base-2-color has-text-color has-link-color wp-elements-9\">\n<li>Cama de 160\u00d7200 cm<\/li>\n\n\n\n<li>Cama doble 80\u00d7200 cm<\/li>\n\n\n\n<li>Cortinas opacas<\/li>\n\n\n\n<li>Armario<\/li>\n<\/ul>\n<\/div>\n\n\n\n<div class=\"wp-block-group inventory-container has-global-padding is-layout-constrained wp-container-core-group-is-layout-20487ece wp-block-group-is-layout-constrained\" style=\"border-radius:1rem;padding-top:var(--wp--preset--spacing--10);padding-right:var(--wp--preset--spacing--10);padding-bottom:var(--wp--preset--spacing--10);padding-left:var(--wp--preset--spacing--10)\">\n<p class=\"has-base-2-color has-text-color has-link-color wp-elements-10 wp-block-paragraph\" style=\"font-size:clamp(14px, 0.875rem + ((1vw - 3.2px) * 0.488), 20px);font-style:normal;font-weight:600\">Cocina<\/p>\n\n\n\n<ul class=\"wp-block-list has-base-2-color has-text-color has-link-color wp-elements-11\">\n<li>Fregadero de acero inoxidable, escurridor y grifo mezclador<\/li>\n\n\n\n<li>Placa de gas de 4 fuegos<\/li>\n\n\n\n<li>Campana con filtro de carb\u00f3n y luz<\/li>\n\n\n\n<li>Frigor\u00edfico-congelador 214L gris plata<\/li>\n\n\n\n<li>Lavavajillas<\/li>\n<\/ul>\n<\/div>\n\n\n\n<div class=\"wp-block-group inventory-container has-global-padding is-layout-constrained wp-container-core-group-is-layout-20487ece wp-block-group-is-layout-constrained\" style=\"border-radius:1rem;padding-top:var(--wp--preset--spacing--10);padding-right:var(--wp--preset--spacing--10);padding-bottom:var(--wp--preset--spacing--10);padding-left:var(--wp--preset--spacing--10)\">\n<p class=\"has-base-2-color has-text-color has-link-color wp-elements-12 wp-block-paragraph\" style=\"font-size:clamp(14px, 0.875rem + ((1vw - 3.2px) * 0.488), 20px);font-style:normal;font-weight:600\">Cuarto de ba\u00f1o<\/p>\n\n\n\n<ul class=\"wp-block-list has-base-2-color has-text-color has-link-color wp-elements-13\">\n<li>Ducha XL 100 x 80 cm<\/li>\n\n\n\n<li>Lavabo doble de cer\u00e1mica<\/li>\n\n\n\n<li>Espejo<\/li>\n\n\n\n<li>Mucho espacio de almacenamiento<\/li>\n\n\n\n<li>Secador de toallas<\/li>\n<\/ul>\n<\/div>\n\n\n\n<div class=\"wp-block-group inventory-container has-global-padding is-layout-constrained wp-container-core-group-is-layout-20487ece wp-block-group-is-layout-constrained\" style=\"border-radius:1rem;padding-top:var(--wp--preset--spacing--10);padding-right:var(--wp--preset--spacing--10);padding-bottom:var(--wp--preset--spacing--10);padding-left:var(--wp--preset--spacing--10)\">\n<p class=\"has-base-2-color has-text-color has-link-color wp-elements-14 wp-block-paragraph\" style=\"font-size:clamp(14px, 0.875rem + ((1vw - 3.2px) * 0.488), 20px);font-style:normal;font-weight:600\">Qu\u00e9date<\/p>\n\n\n\n<ul class=\"wp-block-list has-base-2-color has-text-color has-link-color wp-elements-15\">\n<li>Comedor para 6 personas<\/li>\n\n\n\n<li>Mesa de centro de sal\u00f3n<\/li>\n<\/ul>\n<\/div>\n\n\n\n<div class=\"wp-block-group inventory-container has-global-padding is-layout-constrained wp-container-core-group-is-layout-20487ece wp-block-group-is-layout-constrained\" style=\"border-radius:1rem;padding-top:var(--wp--preset--spacing--10);padding-right:var(--wp--preset--spacing--10);padding-bottom:var(--wp--preset--spacing--10);padding-left:var(--wp--preset--spacing--10)\">\n<p class=\"has-base-2-color has-text-color has-link-color wp-elements-16 wp-block-paragraph\" style=\"font-size:clamp(14px, 0.875rem + ((1vw - 3.2px) * 0.488), 20px);font-style:normal;font-weight:600\">Exterior<\/p>\n\n\n\n<ul class=\"wp-block-list has-base-2-color has-text-color has-link-color wp-elements-17\">\n<li>Terraza de 17m\u00b2.<\/li>\n\n\n\n<li>P\u00e9rgola sombreada con lamas orientadas, 1 pantalla de privacidad<\/li>\n<\/ul>\n<\/div>\n<\/div>\n<\/div>\n<\/div>\n<\/div>\n\n\n\n<div class=\"wd_id_dispo\" scroll=\"no\" wdng_langueWidget=\"5\" wdng_categoriewidget=\"13\"><\/div>\n<script type=\"text\/javascript\" src=\"https:\/\/naxiresa.inaxel.com\/widgetresa\/wdng_widget.js\"><\/script>\n<script type=\"text\/javascript\">wdng_init_widgetDispo(\"koukano\",\"#a7af8e\")<\/script>\n","protected":false},"featured_media":3334,"template":"","meta":{"_seopress_robots_primary_cat":"","_seopress_titles_title":"","_seopress_titles_desc":"","_seopress_robots_index":"","inline_featured_image":false,"gt_fse_maillage_image":"https:\/\/www.koukano.fr\/wp-content\/uploads\/2025\/12\/Chalet-dans-le-tarn.jpg","gt_fse_maillage_titre":"Chalet Portland vista al lago","gt_fse_maillage_alt":"Chalet en el Tarn","gt_fse_maillage_resume":"","footnotes":""},"gt-hebergements-campings":[],"gt-hebergements-gammes":[45],"gt-hebergements-options":[],"gt-hebergements-types":[49],"gt-hebergements-nombre-personnes":[52],"gt-hebergements-nombre-chambres":[63],"gt-hebergements-nombre-sdb":[71],"gt-hebergements-superficie":[75],"class_list":["post-6232","hebergement","type-hebergement","status-publish","has-post-thumbnail","hentry","gt-hebergements-gammes-chalets-es","gt-hebergements-types-location-es","gt-hebergements-nombre-personnes-6-es","gt-hebergements-nombre-chambres-3-es","gt-hebergements-nombre-sdb-1-es","gt-hebergements-superficie-35-es"],"_links":{"self":[{"href":"https:\/\/www.koukano.fr\/es\/wp-json\/wp\/v2\/hebergement\/6232","targetHints":{"allow":["GET"]}}],"collection":[{"href":"https:\/\/www.koukano.fr\/es\/wp-json\/wp\/v2\/hebergement"}],"about":[{"href":"https:\/\/www.koukano.fr\/es\/wp-json\/wp\/v2\/types\/hebergement"}],"version-history":[{"count":2,"href":"https:\/\/www.koukano.fr\/es\/wp-json\/wp\/v2\/hebergement\/6232\/revisions"}],"predecessor-version":[{"id":8728,"href":"https:\/\/www.koukano.fr\/es\/wp-json\/wp\/v2\/hebergement\/6232\/revisions\/8728"}],"wp:featuredmedia":[{"embeddable":true,"href":"https:\/\/www.koukano.fr\/es\/wp-json\/wp\/v2\/media\/3334"}],"wp:attachment":[{"href":"https:\/\/www.koukano.fr\/es\/wp-json\/wp\/v2\/media?parent=6232"}],"wp:term":[{"taxonomy":"gt-hebergements-campings","embeddable":true,"href":"https:\/\/www.koukano.fr\/es\/wp-json\/wp\/v2\/gt-hebergements-campings?post=6232"},{"taxonomy":"gt-hebergements-gammes","embeddable":true,"href":"https:\/\/www.koukano.fr\/es\/wp-json\/wp\/v2\/gt-hebergements-gammes?post=6232"},{"taxonomy":"gt-hebergements-options","embeddable":true,"href":"https:\/\/www.koukano.fr\/es\/wp-json\/wp\/v2\/gt-hebergements-options?post=6232"},{"taxonomy":"gt-hebergements-types","embeddable":true,"href":"https:\/\/www.koukano.fr\/es\/wp-json\/wp\/v2\/gt-hebergements-types?post=6232"},{"taxonomy":"gt-hebergements-nombre-personnes","embeddable":true,"href":"https:\/\/www.koukano.fr\/es\/wp-json\/wp\/v2\/gt-hebergements-nombre-personnes?post=6232"},{"taxonomy":"gt-hebergements-nombre-chambres","embeddable":true,"href":"https:\/\/www.koukano.fr\/es\/wp-json\/wp\/v2\/gt-hebergements-nombre-chambres?post=6232"},{"taxonomy":"gt-hebergements-nombre-sdb","embeddable":true,"href":"https:\/\/www.koukano.fr\/es\/wp-json\/wp\/v2\/gt-hebergements-nombre-sdb?post=6232"},{"taxonomy":"gt-hebergements-superficie","embeddable":true,"href":"https:\/\/www.koukano.fr\/es\/wp-json\/wp\/v2\/gt-hebergements-superficie?post=6232"}],"curies":[{"name":"wp","href":"https:\/\/api.w.org\/{rel}","templated":true}]}}